{"id":71183,"date":"2025-02-08T18:52:05","date_gmt":"2025-02-08T18:52:05","guid":{"rendered":"https:\/\/asociatiamanna.ro\/?page_id=71183"},"modified":"2025-11-05T22:18:39","modified_gmt":"2025-11-05T22:18:39","slug":"team","status":"publish","type":"page","link":"https:\/\/asociatiamanna.ro\/en\/echipa\/","title":{"rendered":"Team"},"content":{"rendered":"<p>[et_pb_section fb_built=&#8221;1&#8243; _builder_version=&#8221;4.27.4&#8243; background_color=&#8221;#297FCA&#8221; background_image=&#8221;https:\/\/asociatiamanna.ro\/wp-content\/uploads\/2025\/02\/Rising-Banners-Joy-16&#215;9-1.jpg&#8221; min_height=&#8221;138.6px&#8221; custom_margin=&#8221;||0px||false|false&#8221; custom_padding=&#8221;2px||0px|||&#8221; saved_tabs=&#8221;all&#8221; global_colors_info=&#8221;{}&#8221;][et_pb_row _builder_version=&#8221;4.27.4&#8243; custom_margin=&#8221;10px|auto||auto|false|false&#8221; global_colors_info=&#8221;{}&#8221;][et_pb_column type=&#8221;4_4&#8243; _builder_version=&#8221;4.27.4&#8243; custom_padding=&#8221;|||&#8221; global_colors_info=&#8221;{}&#8221; custom_padding__hover=&#8221;|||&#8221;][et_pb_post_title meta=&#8221;off&#8221; featured_image=&#8221;off&#8221; _builder_version=&#8221;4.27.4&#8243; title_font=&#8221;Marcellus||||||||&#8221; title_text_align=&#8221;left&#8221; title_text_color=&#8221;#ffffff&#8221; title_font_size=&#8221;27px&#8221; custom_margin=&#8221;10px||||false|false&#8221; global_colors_info=&#8221;{}&#8221;][\/et_pb_post_title][\/et_pb_column][\/et_pb_row][\/et_pb_section][et_pb_section fb_built=&#8221;1&#8243; custom_padding_last_edited=&#8221;on|phone&#8221; _builder_version=&#8221;4.27.4&#8243; _module_preset=&#8221;default&#8221; background_color=&#8221;#FFFFFF&#8221; custom_margin=&#8221;0px||0px||false|false&#8221; custom_padding=&#8221;80px||20px||false|false&#8221; custom_padding_tablet=&#8221;95px||100px||false|false&#8221; custom_padding_phone=&#8221;84px||90px||false|false&#8221; locked=&#8221;off&#8221; global_colors_info=&#8221;{}&#8221;][et_pb_row _builder_version=&#8221;4.27.4&#8243; _module_preset=&#8221;default&#8221; width=&#8221;90%&#8221; max_width=&#8221;1290px&#8221; custom_margin=&#8221;0px||||false|false&#8221; custom_padding=&#8221;0px||0px||false|false&#8221; animation_direction=&#8221;bottom&#8221; global_colors_info=&#8221;{}&#8221;][et_pb_column type=&#8221;4_4&#8243; _builder_version=&#8221;4.27.4&#8243; _module_preset=&#8221;default&#8221; global_colors_info=&#8221;{}&#8221;][et_pb_text _builder_version=&#8221;4.27.4&#8243; _module_preset=&#8221;default&#8221; header_font=&#8221;Gideon Roman|700|||||||&#8221; header_text_align=&#8221;center&#8221; header_text_color=&#8221;#578e87&#8243; header_font_size=&#8221;40px&#8221; header_line_height=&#8221;1.4em&#8221; header_2_font=&#8221;Gideon Roman|700|||||||&#8221; header_2_text_align=&#8221;center&#8221; header_2_text_color=&#8221;#578e87&#8243; header_2_font_size=&#8221;40px&#8221; header_2_letter_spacing=&#8221;1px&#8221; header_2_line_height=&#8221;1.4em&#8221; header_4_font=&#8221;Jost||||on||||&#8221; header_4_text_align=&#8221;center&#8221; header_4_text_color=&#8221;#fc653c&#8221; header_4_font_size=&#8221;19px&#8221; header_4_line_height=&#8221;1.2em&#8221; custom_margin=&#8221;0px||4px||false|false&#8221; custom_padding=&#8221;0px||0px||false|false&#8221; header_font_size_tablet=&#8221;30px&#8221; header_font_size_phone=&#8221;30px&#8221; header_font_size_last_edited=&#8221;on|desktop&#8221; header_line_height_tablet=&#8221;1.2em&#8221; header_line_height_phone=&#8221;1.2em&#8221; header_line_height_last_edited=&#8221;on|phone&#8221; global_colors_info=&#8221;{}&#8221;]<\/p>\n<h1>ECHIPA ASOCIA\u021aIA MANNA<\/h1>\n<p>[\/et_pb_text][et_pb_text _builder_version=&#8221;4.27.4&#8243; _module_preset=&#8221;default&#8221; text_font=&#8221;DM Sans||||||||&#8221; text_line_height=&#8221;1.4em&#8221; header_2_font=&#8221;Jost|600|||||||&#8221; header_2_text_align=&#8221;center&#8221; header_2_text_color=&#8221;#293043&#8243; header_2_font_size=&#8221;47px&#8221; header_2_letter_spacing=&#8221;-1px&#8221; header_2_line_height=&#8221;1.2em&#8221; text_orientation=&#8221;center&#8221; custom_margin=&#8221;0px||0px||false|false&#8221; custom_padding=&#8221;10px||0px||false|false&#8221; header_2_font_size_tablet=&#8221;47px&#8221; header_2_font_size_phone=&#8221;30px&#8221; header_2_font_size_last_edited=&#8221;on|phone&#8221; global_colors_info=&#8221;{}&#8221;]Cine are o inim\u0103 deschis\u0103 pentru Dumnezeu, acela are o inim\u0103 deschis\u0103 \u0219i pentru al\u021bii. Slujirea nu mai poate fi o posibilitate. Ea este un imperativ!<br \/>\nDe noi depinde dac\u0103 l\u0103s\u0103m aceast\u0103 dragoste a lui Dumnezeu s\u0103 intre \u00een via\u021ba noastr\u0103![\/et_pb_text][\/et_pb_column][\/et_pb_row][\/et_pb_section][et_pb_section fb_built=&#8221;1&#8243; _builder_version=&#8221;4.27.4&#8243; background_color=&#8221;#FFFFFF&#8221; custom_padding=&#8221;40px||40px||true|false&#8221; global_colors_info=&#8221;{}&#8221;][et_pb_row column_structure=&#8221;2_5,3_5&#8243; make_equal=&#8221;on&#8221; padding_top_bottom_link_2=&#8221;true&#8221; _builder_version=&#8221;4.27.4&#8243; custom_margin=&#8221;|||&#8221; global_colors_info=&#8221;{}&#8221;][et_pb_column type=&#8221;2_5&#8243; _builder_version=&#8221;4.27.4&#8243; background_image=&#8221;https:\/\/asociatiamanna.ro\/wp-content\/uploads\/2025\/07\/Adina-si-Marius-Costa.jpg&#8221; background_position=&#8221;top_center&#8221; custom_padding=&#8221;|||&#8221; border_radii=&#8221;on|10px|10px|10px|10px&#8221; global_colors_info=&#8221;{}&#8221; custom_padding__hover=&#8221;|||&#8221;][et_pb_divider show_divider=&#8221;off&#8221; disabled_on=&#8221;off|off|on&#8221; _builder_version=&#8221;4.27.4&#8243; custom_padding=&#8221;27%||27%||true&#8221; global_colors_info=&#8221;{}&#8221;][\/et_pb_divider][\/et_pb_column][et_pb_column type=&#8221;3_5&#8243; _builder_version=&#8221;4.27.4&#8243; custom_padding=&#8221;10px||10px||true|false&#8221; custom_padding_tablet=&#8221;0px||0px|&#8221; custom_padding_phone=&#8221;0px||0px&#8221; custom_padding_last_edited=&#8221;on|tablet&#8221; global_colors_info=&#8221;{}&#8221; custom_padding__hover=&#8221;|||&#8221;][et_pb_text _builder_version=&#8221;4.27.4&#8243; _module_preset=&#8221;default&#8221; header_font=&#8221;Marcellus||||||||&#8221; header_text_color=&#8221;#578e87&#8243; header_2_font=&#8221;Gideon Roman|700|||||||&#8221; header_2_text_align=&#8221;left&#8221; header_2_text_color=&#8221;#578e87&#8243; header_2_font_size=&#8221;18px&#8221; header_2_letter_spacing=&#8221;1px&#8221; header_2_line_height=&#8221;1.2em&#8221; header_3_font=&#8221;Gideon Roman|700|||||||&#8221; header_3_text_color=&#8221;#c0a88a&#8221; header_3_font_size=&#8221;16px&#8221; custom_margin=&#8221;0px||10px||false|false&#8221; custom_padding=&#8221;0px||0px||false|false&#8221; header_2_font_size_tablet=&#8221;20px&#8221; header_2_font_size_phone=&#8221;20px&#8221; header_2_font_size_last_edited=&#8221;on|desktop&#8221; global_colors_info=&#8221;{}&#8221;]<\/p>\n<h2>ADINA COSTA &#8211; Pre\u0219edinte Asocia\u021bia Manna<\/h2>\n<h3>Director \u0218coala Naomi, Director Revista Naomi<\/h3>\n<h2>\u0219i<\/h2>\n<h2>MARIUS COSTA  &#8211; Vicepre\u0219edinte Asocia\u021bia Manna<\/h2>\n<h4>Membri fondatori<\/h4>\n<p>[\/et_pb_text][et_pb_text _builder_version=&#8221;4.27.4&#8243; text_font=&#8221;&#8211;et_global_body_font||||||||&#8221; text_text_color=&#8221;#666666&#8243; text_line_height=&#8221;1.4em&#8221; header_font=&#8221;Nunito Sans|700|||||||&#8221; header_text_color=&#8221;#297FCA&#8221; header_line_height=&#8221;1.3em&#8221; max_width=&#8221;100%&#8221; max_width_tablet=&#8221;100%&#8221; max_width_phone=&#8221;99%&#8221; max_width_last_edited=&#8221;on|desktop&#8221; global_colors_info=&#8221;{}&#8221;]<\/p>\n<p>Credem c\u0103 acolo unde inima este deschis\u0103 pentru Dumnezeu, se deschide \u0219i pentru oameni.<br \/>Pentru Adina \u0219i Marius Costa, slujirea nu este o op\u021biune, ci un mod de via\u021b\u0103 \u2013 un imperativ al dragostei lui Hristos care transform\u0103 inimi, familii \u0219i comunit\u0103\u021bi.<\/p>\n<p>Adina Costa este pre\u0219edinte al Asocia\u021biei \u201eManna \u2013 m\u00e2n\u0103 \u00een m\u00e2n\u0103\u201d, director al \u0218colii \u0219i Revistei Naomi, \u0219i o femeie cu o inim\u0103 dedicat\u0103 lui Dumnezeu, familiei \u0219i celor din jur. \u00cenv\u0103\u021b\u0103toare cu voca\u021bie \u0219i mam\u0103 a patru copii \u2013 Lucas, Filip, Caleb \u0219i Gloria \u2013 Adina \u00ee\u0219i tr\u0103ie\u0219te chemarea cu pasiune, at\u00e2t \u00een clas\u0103, c\u00e2t \u0219i \u00een slujirea din Biserica Penticostal\u0103 Speran\u021ba \u0218tei. Convins\u0103 c\u0103 iertarea na\u0219te dragoste \u0219i dragostea aduce transformare, visul ei este acela de a vedea familii \u00eentregi restaurate, genera\u021bii formate pe temelia Cuv\u00e2ntului lui Dumnezeu \u0219i femei care tr\u0103iesc \u00een armonie cu designul Creatorului.<\/p>\n<p>Marius Costa, vicepre\u0219edinte al Asocia\u021biei Manna, este nu doar un sprijin neclintit pentru Adina, ci \u0219i un partener activ \u00een viziunea comun\u0103 de slujire. Antreprenor cu inim\u0103 pentru Dumnezeu, Marius contribuie la consolidarea proiectelor Manna prin \u00een\u021belepciune, stabilitate \u0219i o credin\u021b\u0103 puternic\u0103. El crede \u00een puterea unit\u0103\u021bii \u00een familie \u0219i \u00een impactul unei vie\u021bi tr\u0103ite \u00een slujba semenilor.<\/p>\n<p>\u00cempreun\u0103, Adina \u0219i Marius formeaz\u0103 o echip\u0103 dedicat\u0103 \u0219i o familie unit\u0103 \u00een credin\u021b\u0103. Prin Asocia\u021bia Manna &#8211; M\u00e2n\u0103 \u00een M\u00e2n\u0103, \u00ee\u0219i doresc s\u0103 fie o extensie a dragostei lui Dumnezeu \u00een vie\u021bile celor din jur \u2013 o m\u00e2n\u0103 \u00eentins\u0103 spre inimile care au nevoie de speran\u021b\u0103, vindecare\u00a0\u0219i\u00a0direc\u021bie.<\/p>\n<p>[\/et_pb_text][\/et_pb_column][\/et_pb_row][\/et_pb_section][et_pb_section fb_built=&#8221;1&#8243; _builder_version=&#8221;4.27.4&#8243; background_color=&#8221;#FFFFFF&#8221; custom_padding=&#8221;40px||40px||true|false&#8221; global_colors_info=&#8221;{}&#8221;][et_pb_row column_structure=&#8221;2_5,3_5&#8243; make_equal=&#8221;on&#8221; padding_top_bottom_link_2=&#8221;true&#8221; _builder_version=&#8221;4.27.4&#8243; custom_margin=&#8221;|||&#8221; global_colors_info=&#8221;{}&#8221;][et_pb_column type=&#8221;2_5&#8243; _builder_version=&#8221;4.27.4&#8243; background_image=&#8221;https:\/\/asociatiamanna.ro\/wp-content\/uploads\/2025\/07\/Florin-si-Emma-Pencu.jpg&#8221; background_position=&#8221;top_center&#8221; custom_padding=&#8221;|||&#8221; border_radii=&#8221;on|10px|10px|10px|10px&#8221; global_colors_info=&#8221;{}&#8221; custom_padding__hover=&#8221;|||&#8221;][et_pb_divider show_divider=&#8221;off&#8221; disabled_on=&#8221;off|off|on&#8221; _builder_version=&#8221;4.27.4&#8243; custom_padding=&#8221;27%||27%||true&#8221; global_colors_info=&#8221;{}&#8221;][\/et_pb_divider][\/et_pb_column][et_pb_column type=&#8221;3_5&#8243; _builder_version=&#8221;4.27.4&#8243; custom_padding=&#8221;10px||10px||true|false&#8221; custom_padding_tablet=&#8221;0px||0px|&#8221; custom_padding_phone=&#8221;0px||0px&#8221; custom_padding_last_edited=&#8221;on|tablet&#8221; global_colors_info=&#8221;{}&#8221; custom_padding__hover=&#8221;|||&#8221;][et_pb_text _builder_version=&#8221;4.27.4&#8243; _module_preset=&#8221;default&#8221; header_font=&#8221;Marcellus||||||||&#8221; header_text_color=&#8221;#578e87&#8243; header_2_font=&#8221;Gideon Roman|700|||||||&#8221; header_2_text_align=&#8221;left&#8221; header_2_text_color=&#8221;#578e87&#8243; header_2_font_size=&#8221;18px&#8221; header_2_letter_spacing=&#8221;1px&#8221; header_2_line_height=&#8221;1.2em&#8221; header_3_font=&#8221;Gideon Roman|700|||||||&#8221; header_3_text_color=&#8221;#c0a88a&#8221; header_3_font_size=&#8221;16px&#8221; custom_margin=&#8221;0px||10px||false|false&#8221; custom_padding=&#8221;0px||0px||false|false&#8221; header_2_font_size_tablet=&#8221;20px&#8221; header_2_font_size_phone=&#8221;20px&#8221; header_2_font_size_last_edited=&#8221;on|desktop&#8221; global_colors_info=&#8221;{}&#8221;]<\/p>\n<h2>EMANUELA PENCU &#8211;  Secretar Asocia\u021bia Manna<\/h2>\n<h4>Membru fondator<\/h4>\n<h2>\u0219i <\/h2>\n<h2>FLORIN PENCU &#8211; Membru Asocia\u021bia Manna<\/h2>\n<p>[\/et_pb_text][et_pb_text _builder_version=&#8221;4.27.4&#8243; text_font=&#8221;&#8211;et_global_body_font||||||||&#8221; text_text_color=&#8221;#666666&#8243; text_line_height=&#8221;1.4em&#8221; header_font=&#8221;Nunito Sans|700|||||||&#8221; header_text_color=&#8221;#297FCA&#8221; header_line_height=&#8221;1.3em&#8221; max_width=&#8221;100%&#8221; max_width_tablet=&#8221;100%&#8221; max_width_phone=&#8221;99%&#8221; max_width_last_edited=&#8221;on|desktop&#8221; global_colors_info=&#8221;{}&#8221;]C\u0103s\u0103tori\u021bi de 22 de ani, Emanuela \u0219i Florin Pencu tr\u0103iesc \u00eempreun\u0103 o frumoas\u0103 poveste de via\u021b\u0103, credin\u021b\u0103 \u0219i familie. Sunt p\u0103rin\u021bii a trei fete \u0219i bunicii unei nepo\u021bele care le umple via\u021ba \u0219i inimile de bucurie. Locuiesc \u00een Craiova, ora\u0219ul \u00een care au crescut profesional, dar \u0219i spiritual.<\/p>\n<p>Emanuela Pencu este medic stomatolog, licen\u021biat\u0103 a Facult\u0103\u021bii de Medicin\u0103 Dentar\u0103 din cadrul Universit\u0103\u021bii de Medicin\u0103 \u0219i Farmacie din Craiova. Sub halatul alb se afl\u0103 un suflet bl\u00e2nd \u0219i generos, o femeie care trateaz\u0103 nu doar din\u021bii, ci \u0219i inimile celor care \u00eei trec pragul. Pentru ea, profesia este o chemare, iar grija pentru oameni merge dincolo de gesturile medicale \u2013 este o form\u0103 de iubire practic\u0103, concret\u0103, care vindec\u0103. Pentru familia ei, Emanuela este sprijinul de zi cu zi, o mam\u0103 atent\u0103 \u0219i o so\u021bie devotat\u0103, mereu cu inima deschis\u0103 spre nevoile celorlal\u021bi.<\/p>\n<p>Florin Pencu este profesor de istorie, cu o profund\u0103 pasiune pentru educa\u021bie, cuv\u00e2nt \u0219i oameni, licen\u021biat al Facult\u0103\u021bii de \u0218tiin\u021be Sociale, specializarea Istorie, din cadrul Universit\u0103\u021bii din Craiova. Este specialist \u00een Comunicare \u0219i Rela\u021bii Publice, licen\u021b\u0103 ob\u021binut\u0103 \u00een urma absolvirii Facult\u0103\u021bii de Comunicare \u0219i Rela\u021bii Publice din cadrul \u0218colii Na\u021bionale de Studii Politice \u0219i Administrative din Bucure\u0219ti, unde a mai absolvit \u0219i un master \u00een Comunicare managerial\u0103 \u0219i resurse umane. Este, totodat\u0103, absolvent al masteratului Rom\u00e2ni \u00een istoria Europei la Universitatea din Craiova. Este omul care pune pre\u021b pe dialog, pe valori, pe formarea tinerilor. \u00cen tot ce face \u2013 la catedr\u0103, \u00een familie sau \u00een comunitate \u2013 aduce echilibru, bun-sim\u021b \u0219i un z\u00e2mbet sincer.<\/p>\n<p>\u00cempreun\u0103, Emanuela \u0219i Florin formeaz\u0103 o familie a\u0219ezat\u0103, \u00een care dragostea, credin\u021ba \u0219i respectul reciproc sunt funda\u021bia fiec\u0103rei zile. Sunt oameni calzi, apropia\u021bi, care inspir\u0103 prin simplitatea \u0219i autenticitatea cu\u00a0care\u00a0tr\u0103iesc.[\/et_pb_text][\/et_pb_column][\/et_pb_row][\/et_pb_section][et_pb_section fb_built=&#8221;1&#8243; _builder_version=&#8221;4.27.4&#8243; background_color=&#8221;#FFFFFF&#8221; custom_padding=&#8221;40px||40px||true|false&#8221; global_colors_info=&#8221;{}&#8221;][et_pb_row column_structure=&#8221;2_5,3_5&#8243; make_equal=&#8221;on&#8221; padding_top_bottom_link_2=&#8221;true&#8221; _builder_version=&#8221;4.27.4&#8243; custom_margin=&#8221;|||&#8221; global_colors_info=&#8221;{}&#8221;][et_pb_column type=&#8221;2_5&#8243; _builder_version=&#8221;4.27.4&#8243; background_image=&#8221;https:\/\/asociatiamanna.ro\/wp-content\/uploads\/2025\/07\/Cornelia-Farcas-i3.jpg&#8221; background_position=&#8221;top_center&#8221; custom_padding=&#8221;|||&#8221; border_radii=&#8221;on|10px|10px|10px|10px&#8221; global_colors_info=&#8221;{}&#8221; custom_padding__hover=&#8221;|||&#8221;][et_pb_divider show_divider=&#8221;off&#8221; disabled_on=&#8221;off|off|on&#8221; _builder_version=&#8221;4.27.4&#8243; custom_padding=&#8221;27%||27%||true&#8221; global_colors_info=&#8221;{}&#8221;][\/et_pb_divider][\/et_pb_column][et_pb_column type=&#8221;3_5&#8243; _builder_version=&#8221;4.27.4&#8243; custom_padding=&#8221;10px||10px||true|false&#8221; custom_padding_tablet=&#8221;0px||0px|&#8221; custom_padding_phone=&#8221;0px||0px&#8221; custom_padding_last_edited=&#8221;on|tablet&#8221; global_colors_info=&#8221;{}&#8221; custom_padding__hover=&#8221;|||&#8221;][et_pb_text _builder_version=&#8221;4.27.4&#8243; _module_preset=&#8221;default&#8221; header_font=&#8221;Marcellus||||||||&#8221; header_text_color=&#8221;#578e87&#8243; header_2_font=&#8221;Gideon Roman|700|||||||&#8221; header_2_text_align=&#8221;left&#8221; header_2_text_color=&#8221;#578e87&#8243; header_2_font_size=&#8221;18px&#8221; header_2_letter_spacing=&#8221;1px&#8221; header_2_line_height=&#8221;1.2em&#8221; header_3_font=&#8221;Gideon Roman|700|||||||&#8221; header_3_text_color=&#8221;#c0a88a&#8221; header_3_font_size=&#8221;16px&#8221; custom_margin=&#8221;0px||10px||false|false&#8221; custom_padding=&#8221;0px||0px||false|false&#8221; header_2_font_size_tablet=&#8221;20px&#8221; header_2_font_size_phone=&#8221;20px&#8221; header_2_font_size_last_edited=&#8221;on|desktop&#8221; global_colors_info=&#8221;{}&#8221;]<\/p>\n<h2>CORNELIA F\u0102RCA\u0218<\/h2>\n<h3>Director adjunct \u0218coala Naomi, Director tehnic Revista Naomi<\/h3>\n<h4>Membru Asocia\u021bia Manna<\/h4>\n<p>[\/et_pb_text][et_pb_text _builder_version=&#8221;4.27.4&#8243; text_font=&#8221;&#8211;et_global_body_font||||||||&#8221; text_text_color=&#8221;#666666&#8243; text_line_height=&#8221;1.4em&#8221; header_font=&#8221;Nunito Sans|700|||||||&#8221; header_text_color=&#8221;#297FCA&#8221; header_line_height=&#8221;1.3em&#8221; max_width=&#8221;100%&#8221; max_width_tablet=&#8221;100%&#8221; max_width_phone=&#8221;99%&#8221; max_width_last_edited=&#8221;on|desktop&#8221; global_colors_info=&#8221;{}&#8221;]<\/p>\n<p>Cornelia F\u0103rca\u0219 are o viziune clar\u0103, credin\u021b\u0103 profund\u0103 \u0219i o pasiune autentic\u0103 pentru a pune tehnologia \u00een slujba lui Dumnezeu. So\u021bie \u0219i mam\u0103 a doi b\u0103ie\u021bi, Alex \u0219i Paul, reu\u0219e\u0219te s\u0103 \u00eembine armonios via\u021ba de familie cu implicarea profesional\u0103 \u0219i dedicarea fa\u021b\u0103 de comunitate.<\/p>\n<p>\u00cen prezent, Cornelia este director adjunct al \u0218colii Naomi \u0219i director tehnic al Revistei Naomi , unde coordoneaz\u0103 dou\u0103 platforme digitale esen\u021biale:<\/p>\n<p>* \u0218coala Naomi \u2013 un program de echipare prin cursuri \u0219i ateliere pentru dezvoltare spiritual\u0103 \u0219i personal\u0103.<br \/>* Revista Naomi \u2013 un spa\u021biu online dedicat femeilor cre\u0219tine, cu articole, m\u0103rturii \u0219i con\u021binut care zide\u0219te;<\/p>\n<p>Cu o carier\u0103 solid\u0103 \u00een IT, Cornelia este programator, av\u00e2nd o vast\u0103 experien\u021b\u0103 \u00een crearea de aplica\u021bii web pentru companii interne \u0219i interna\u021bionale. Profesionalismul ei este definit de excelen\u021b\u0103 tehnologic\u0103, inova\u021bie \u0219i orientare spre solu\u021bii durabile.<\/p>\n<p>\u00cen tot ceea ce face, Cornelia crede cu t\u0103rie c\u0103 tehnologia poate deveni un instrument al transform\u0103rii atunci c\u00e2nd este ghidat\u0103 de valori \u0219i pus\u0103 \u00een slujba \u00cemp\u0103r\u0103\u021biei\u00a0lui\u00a0Dumnezeu.<\/p>\n<p>[\/et_pb_text][\/et_pb_column][\/et_pb_row][\/et_pb_section][et_pb_section fb_built=&#8221;1&#8243; _builder_version=&#8221;4.27.4&#8243; background_color=&#8221;#FFFFFF&#8221; custom_padding=&#8221;40px||40px||true|false&#8221; global_colors_info=&#8221;{}&#8221;][et_pb_row column_structure=&#8221;2_5,3_5&#8243; make_equal=&#8221;on&#8221; padding_top_bottom_link_2=&#8221;true&#8221; _builder_version=&#8221;4.27.4&#8243; custom_margin=&#8221;|||&#8221; global_colors_info=&#8221;{}&#8221;][et_pb_column type=&#8221;2_5&#8243; _builder_version=&#8221;4.27.4&#8243; background_image=&#8221;https:\/\/asociatiamanna.ro\/wp-content\/uploads\/2025\/07\/Elly-Patrascu.jpg&#8221; background_position=&#8221;top_center&#8221; custom_padding=&#8221;|||&#8221; border_radii=&#8221;on|10px|10px|10px|10px&#8221; global_colors_info=&#8221;{}&#8221; custom_padding__hover=&#8221;|||&#8221;][et_pb_divider show_divider=&#8221;off&#8221; disabled_on=&#8221;off|off|on&#8221; _builder_version=&#8221;4.27.4&#8243; custom_padding=&#8221;27%||27%||true&#8221; global_colors_info=&#8221;{}&#8221;][\/et_pb_divider][\/et_pb_column][et_pb_column type=&#8221;3_5&#8243; _builder_version=&#8221;4.27.4&#8243; custom_padding=&#8221;10px||10px||true|false&#8221; custom_padding_tablet=&#8221;0px||0px|&#8221; custom_padding_phone=&#8221;0px||0px&#8221; custom_padding_last_edited=&#8221;on|tablet&#8221; global_colors_info=&#8221;{}&#8221; custom_padding__hover=&#8221;|||&#8221;][et_pb_text _builder_version=&#8221;4.27.4&#8243; _module_preset=&#8221;default&#8221; header_font=&#8221;Marcellus||||||||&#8221; header_text_color=&#8221;#578e87&#8243; header_2_font=&#8221;Gideon Roman|700|||||||&#8221; header_2_text_align=&#8221;left&#8221; header_2_text_color=&#8221;#578e87&#8243; header_2_font_size=&#8221;18px&#8221; header_2_letter_spacing=&#8221;1px&#8221; header_2_line_height=&#8221;1.2em&#8221; header_3_font=&#8221;Gideon Roman|700|||||||&#8221; header_3_text_color=&#8221;#c0a88a&#8221; header_3_font_size=&#8221;16px&#8221; custom_margin=&#8221;0px||10px||false|false&#8221; custom_padding=&#8221;0px||0px||false|false&#8221; header_2_font_size_tablet=&#8221;20px&#8221; header_2_font_size_phone=&#8221;20px&#8221; header_2_font_size_last_edited=&#8221;on|desktop&#8221; global_colors_info=&#8221;{}&#8221;]<\/p>\n<h2>ELLY P\u0102TRA\u0218CU<\/h2>\n<h3>Asistent Manager \u0218coala Naomi, Director Revist\u0103 \u0218coala Naomi, Lider grup\u0103 mic\u0103<\/h3>\n<h4>Membru Asocia\u021bia Manna<\/h4>\n<p>[\/et_pb_text][et_pb_text _builder_version=&#8221;4.27.4&#8243; text_font=&#8221;&#8211;et_global_body_font||||||||&#8221; text_text_color=&#8221;#666666&#8243; text_line_height=&#8221;1.4em&#8221; header_font=&#8221;Nunito Sans|700|||||||&#8221; header_text_color=&#8221;#297FCA&#8221; header_line_height=&#8221;1.3em&#8221; max_width=&#8221;100%&#8221; max_width_tablet=&#8221;100%&#8221; max_width_phone=&#8221;99%&#8221; max_width_last_edited=&#8221;on|desktop&#8221; global_colors_info=&#8221;{}&#8221;]Elly P\u0103tra\u0219cu este, \u00eenainte de toate, o iubitoare de Dumnezeu \u0219i de oameni. Cu o inim\u0103 sensibil\u0103 \u0219i un dar aparte pentru cuv\u00e2ntul scris, Elly transform\u0103 g\u00e2nduri \u0219i tr\u0103iri \u00een mesaje care zidesc \u0219i inspir\u0103.<\/p>\n<p>Absolvent\u0103 de Jurnalism \u0219i Comunicare Media, \u00eembin\u0103 pasiunea pentru scris cu chemarea de a sluji prin darurile primite de la Dumnezeu \u2013 talent, empatie \u0219i profunzime.<\/p>\n<p>Pe l\u00e2ng\u0103 scris, Elly are o dragoste sincer\u0103 pentru copii. Ori de c\u00e2te ori are ocazia, se implic\u0103 cu bucurie \u00een lucrarea cu cei mici, dorindu-\u0219i s\u0103 semene Adev\u0103rul \u00een inimile lor fragede, acolo unde valorile lui Dumnezeu pot prinde r\u0103d\u0103cini ad\u00e2nci \u0219i trainice.<\/p>\n<p>Pentru Elly, scrisul \u0219i slujirea merg m\u00e2n\u0103 \u00een m\u00e2n\u0103 \u2013 o form\u0103 de \u00eenchinare \u0219i iubire care aduce lumin\u0103, at\u00e2t \u00een paginile citite, c\u00e2t \u0219i \u00een vie\u021bile celor pe\u00a0care\u00a0\u00eei\u00a0atinge.[\/et_pb_text][\/et_pb_column][\/et_pb_row][\/et_pb_section][et_pb_section fb_built=&#8221;1&#8243; _builder_version=&#8221;4.27.4&#8243; background_color=&#8221;#FFFFFF&#8221; custom_padding=&#8221;40px||40px||true|false&#8221; global_colors_info=&#8221;{}&#8221;][et_pb_row column_structure=&#8221;2_5,3_5&#8243; make_equal=&#8221;on&#8221; padding_top_bottom_link_2=&#8221;true&#8221; _builder_version=&#8221;4.27.4&#8243; custom_margin=&#8221;|||&#8221; global_colors_info=&#8221;{}&#8221;][et_pb_column type=&#8221;2_5&#8243; _builder_version=&#8221;4.27.4&#8243; background_image=&#8221;https:\/\/asociatiamanna.ro\/wp-content\/uploads\/2025\/02\/Bianca-Bercea-w.jpg&#8221; background_position=&#8221;top_center&#8221; custom_padding=&#8221;|||&#8221; border_radii=&#8221;on|10px|10px|10px|10px&#8221; global_colors_info=&#8221;{}&#8221; custom_padding__hover=&#8221;|||&#8221;][et_pb_divider show_divider=&#8221;off&#8221; disabled_on=&#8221;off|off|on&#8221; _builder_version=&#8221;4.27.4&#8243; custom_padding=&#8221;27%||27%||true&#8221; global_colors_info=&#8221;{}&#8221;][\/et_pb_divider][\/et_pb_column][et_pb_column type=&#8221;3_5&#8243; _builder_version=&#8221;4.27.4&#8243; custom_padding=&#8221;10px||10px||true|false&#8221; custom_padding_tablet=&#8221;0px||0px|&#8221; custom_padding_phone=&#8221;0px||0px&#8221; custom_padding_last_edited=&#8221;on|tablet&#8221; global_colors_info=&#8221;{}&#8221; custom_padding__hover=&#8221;|||&#8221;][et_pb_text _builder_version=&#8221;4.27.4&#8243; _module_preset=&#8221;default&#8221; header_font=&#8221;Marcellus||||||||&#8221; header_text_color=&#8221;#578e87&#8243; header_2_font=&#8221;Gideon Roman|700|||||||&#8221; header_2_text_align=&#8221;left&#8221; header_2_text_color=&#8221;#578e87&#8243; header_2_font_size=&#8221;18px&#8221; header_2_letter_spacing=&#8221;1px&#8221; header_2_line_height=&#8221;1.2em&#8221; header_3_font=&#8221;Gideon Roman|700|||||||&#8221; header_3_text_color=&#8221;#c0a88a&#8221; header_3_font_size=&#8221;16px&#8221; custom_margin=&#8221;0px||10px||false|false&#8221; custom_padding=&#8221;0px||0px||false|false&#8221; header_2_font_size_tablet=&#8221;20px&#8221; header_2_font_size_phone=&#8221;20px&#8221; header_2_font_size_last_edited=&#8221;on|desktop&#8221; global_colors_info=&#8221;{}&#8221;]<\/p>\n<h2>BIANCA BERCEA<\/h2>\n<h3>Secretar \u0218coala Naomi<\/h3>\n<h4>Membru fondator<\/h4>\n<p>[\/et_pb_text][et_pb_text _builder_version=&#8221;4.27.4&#8243; text_font=&#8221;&#8211;et_global_body_font||||||||&#8221; text_text_color=&#8221;#666666&#8243; text_line_height=&#8221;1.4em&#8221; header_font=&#8221;Nunito Sans|700|||||||&#8221; header_text_color=&#8221;#297FCA&#8221; header_line_height=&#8221;1.3em&#8221; max_width=&#8221;100%&#8221; max_width_tablet=&#8221;100%&#8221; max_width_phone=&#8221;99%&#8221; max_width_last_edited=&#8221;on|desktop&#8221; global_colors_info=&#8221;{}&#8221;]Numele meu este Bianca Anamaria Bercea, am 31 de ani \u0219i sunt c\u0103s\u0103torit\u0103 cu so\u021bul meu, Claudiu Bercea. Dumnezeu ne-a binecuv\u00e2ntat cu doi copii minuna\u021bi: Zara, o feti\u021b\u0103 plin\u0103 de via\u021b\u0103 \u00een v\u00e2rst\u0103 de 4 ani, \u0219i Zian, mezinul familiei noastre.<\/p>\n<p>Locuim \u00een satul Craiva, jude\u021bul Arad, iar ca familie, suntem parte din comunitatea Bisericii \u201cSf\u00e2nta Treime\u201d din Beiu\u0219, loc \u00een care \u00cel slujim pe Dumnezeu cu recuno\u0219tin\u021b\u0103 \u0219i bucurie.<\/p>\n<p>Din voca\u021bie \u0219i pasiune, sunt profesor pentru \u00eenv\u0103\u021b\u0103m\u00e2ntul pre\u0219colar, dedicat\u0103 educ\u0103rii \u0219i form\u0103rii copiilor \u00een primii ani at\u00e2t de importan\u021bi ai vie\u021bii. Iubesc ceea ce fac \u0219i cred cu t\u0103rie c\u0103 fiecare copil are un dar unic, pe care merit\u0103 s\u0103-l descopere \u0219i s\u0103-l cultive \u00eentr-un mediu cald, \u00eencurajator \u0219i plin\u00a0de\u00a0dragoste.[\/et_pb_text][\/et_pb_column][\/et_pb_row][\/et_pb_section][et_pb_section fb_built=&#8221;1&#8243; custom_padding_last_edited=&#8221;on|phone&#8221; _builder_version=&#8221;4.27.4&#8243; custom_padding=&#8221;0px|0px|80px|0px|false|false&#8221; custom_padding_tablet=&#8221;||60px||false|false&#8221; custom_padding_phone=&#8221;||60px||false|false&#8221; global_colors_info=&#8221;{}&#8221;][et_pb_row _builder_version=&#8221;4.16&#8243; custom_padding=&#8221;50px|0px||0px|false|false&#8221; use_custom_width=&#8221;on&#8221; custom_width_px=&#8221;1140px&#8221; global_colors_info=&#8221;{}&#8221;][et_pb_column type=&#8221;4_4&#8243; _builder_version=&#8221;4.16&#8243; custom_padding=&#8221;|||&#8221; global_colors_info=&#8221;{}&#8221; custom_padding__hover=&#8221;|||&#8221;][et_pb_text _builder_version=&#8221;4.27.4&#8243; header_font=&#8221;Gideon Roman|700|||||||&#8221; header_text_align=&#8221;center&#8221; header_text_color=&#8221;#578e87&#8243; header_font_size=&#8221;40px&#8221; header_line_height=&#8221;1.4em&#8221; header_2_font=&#8221;Gideon Roman|700|||||||&#8221; header_2_text_align=&#8221;center&#8221; header_2_text_color=&#8221;#578e87&#8243; header_2_font_size=&#8221;40px&#8221; header_2_letter_spacing=&#8221;1px&#8221; header_2_line_height=&#8221;1.4em&#8221; header_4_font=&#8221;Jost||||on||||&#8221; header_4_text_align=&#8221;center&#8221; header_4_text_color=&#8221;#fc653c&#8221; header_4_font_size=&#8221;19px&#8221; header_4_line_height=&#8221;1.2em&#8221; custom_margin=&#8221;0px||4px||false|false&#8221; custom_padding=&#8221;0px||0px||false|false&#8221; header_font_size_tablet=&#8221;30px&#8221; header_font_size_phone=&#8221;30px&#8221; header_font_size_last_edited=&#8221;on|desktop&#8221; header_line_height_tablet=&#8221;1.2em&#8221; header_line_height_phone=&#8221;1.2em&#8221; header_line_height_last_edited=&#8221;on|phone&#8221; global_colors_info=&#8221;{}&#8221;]<\/p>\n<h1>ECHIPA VACAN\u021aA MANNA <\/h1>\n<p>[\/et_pb_text][et_pb_text admin_label=&#8221;Text&#8221; _builder_version=&#8221;4.27.4&#8243; text_font=&#8221;DM Sans||||||||&#8221; text_line_height=&#8221;1.4em&#8221; header_2_font=&#8221;Jost|600|||||||&#8221; header_2_text_align=&#8221;center&#8221; header_2_text_color=&#8221;#293043&#8243; header_2_font_size=&#8221;47px&#8221; header_2_letter_spacing=&#8221;-1px&#8221; header_2_line_height=&#8221;1.2em&#8221; text_orientation=&#8221;center&#8221; custom_margin=&#8221;0px||0px||false|false&#8221; custom_padding=&#8221;2px||0px||false|false&#8221; header_2_font_size_tablet=&#8221;47px&#8221; header_2_font_size_phone=&#8221;30px&#8221; header_2_font_size_last_edited=&#8221;on|phone&#8221; global_colors_info=&#8221;{}&#8221;]<\/p>\n<p>Slujirea cultiv\u0103 smerenia, atinge inimi \u0219i produce roade.<\/p>\n<p>[\/et_pb_text][\/et_pb_column][\/et_pb_row][et_pb_row column_structure=&#8221;1_3,1_3,1_3&#8243; use_custom_gutter=&#8221;on&#8221; gutter_width=&#8221;1&#8243; module_class=&#8221; et_pb_row_fullwidth&#8221; _builder_version=&#8221;4.27.4&#8243; width=&#8221;100%&#8221; width_tablet=&#8221;100%&#8221; width_phone=&#8221;&#8221; width_last_edited=&#8221;on|desktop&#8221; max_width=&#8221;100%&#8221; max_width_tablet=&#8221;100%&#8221; max_width_phone=&#8221;&#8221; max_width_last_edited=&#8221;on|desktop&#8221; custom_padding=&#8221;|0px||0px|false|false&#8221; border_width_right=&#8221;10px&#8221; border_color_right=&#8221;#ffffff&#8221; border_width_left=&#8221;10px&#8221; border_color_left=&#8221;#ffffff&#8221; make_fullwidth=&#8221;on&#8221; global_colors_info=&#8221;{}&#8221;][et_pb_column type=&#8221;1_3&#8243; _builder_version=&#8221;4.16&#8243; custom_padding=&#8221;|||&#8221; global_colors_info=&#8221;{}&#8221; custom_padding__hover=&#8221;|||&#8221;][et_pb_image src=&#8221;https:\/\/asociatiamanna.ro\/wp-content\/uploads\/2025\/02\/Marius-Costa-w.jpg&#8221; title_text=&#8221;Marius Costa w&#8221; align_tablet=&#8221;center&#8221; align_phone=&#8221;&#8221; align_last_edited=&#8221;on|desktop&#8221; _builder_version=&#8221;4.27.4&#8243; border_width_right=&#8221;10px&#8221; border_color_right=&#8221;#ffffff&#8221; border_width_left=&#8221;10px&#8221; border_color_left=&#8221;#ffffff&#8221; global_colors_info=&#8221;{}&#8221;][\/et_pb_image][et_pb_text _builder_version=&#8221;4.27.4&#8243; text_font=&#8221;&#8211;et_global_body_font|300|||||||&#8221; text_text_color=&#8221;#666666&#8243; text_font_size=&#8221;15px&#8221; text_line_height=&#8221;1.4em&#8221; header_font=&#8221;Gideon Roman|300||on|||||&#8221; header_text_align=&#8221;center&#8221; header_text_color=&#8221;#578e87&#8243; header_font_size=&#8221;45px&#8221; header_letter_spacing=&#8221;2px&#8221; header_line_height=&#8221;1.2em&#8221; header_3_font=&#8221;Gideon Roman|600||on|||||&#8221; header_3_text_color=&#8221;#578e87&#8243; header_3_font_size=&#8221;20px&#8221; background_color=&#8221;#f7f9fd&#8221; text_orientation=&#8221;center&#8221; width=&#8221;92%&#8221; width_tablet=&#8221;95%&#8221; width_phone=&#8221;94%&#8221; width_last_edited=&#8221;on|phone&#8221; module_alignment=&#8221;center&#8221; min_height_tablet=&#8221;&#8221; min_height_phone=&#8221;auto&#8221; min_height_last_edited=&#8221;on|phone&#8221; custom_margin=&#8221;|20px||18px|false|false&#8221; custom_margin_tablet=&#8221;|20px||18px|false|false&#8221; custom_margin_phone=&#8221;||20px||false|false&#8221; custom_margin_last_edited=&#8221;on|desktop&#8221; custom_padding=&#8221;28px|20px|20px|20px|false|false&#8221; custom_padding_tablet=&#8221;||20px||false|false&#8221; custom_padding_phone=&#8221;||54px&#8221; custom_padding_last_edited=&#8221;on|phone&#8221; text_font_size_tablet=&#8221;15px&#8221; text_font_size_phone=&#8221;15px&#8221; text_font_size_last_edited=&#8221;on|phone&#8221; header_font_tablet=&#8221;Gideon Roman|300||on|||||&#8221; header_font_phone=&#8221;Gideon Roman|300||on|||||&#8221; header_font_last_edited=&#8221;on|desktop&#8221; global_colors_info=&#8221;{}&#8221;]<\/p>\n<h3>Marius Costa<\/h3>\n<p>Darurile pe care Dumnezeu mi le-a d\u0103ruit sunt pentru slav\u0103 Lui \u0219i pentru prop\u0103\u0219irea I\u0302mparatiei Sale.[\/et_pb_text][\/et_pb_column][et_pb_column type=&#8221;1_3&#8243; _builder_version=&#8221;4.16&#8243; custom_padding=&#8221;|||&#8221; global_colors_info=&#8221;{}&#8221; custom_padding__hover=&#8221;|||&#8221;][et_pb_image src=&#8221;https:\/\/asociatiamanna.ro\/wp-content\/uploads\/2025\/02\/Florin-Pencu-w.jpg&#8221; title_text=&#8221;Florin Pencu w&#8221; align_tablet=&#8221;center&#8221; align_phone=&#8221;&#8221; align_last_edited=&#8221;on|desktop&#8221; _builder_version=&#8221;4.27.4&#8243; border_width_right=&#8221;10px&#8221; border_color_right=&#8221;#ffffff&#8221; border_width_left=&#8221;10px&#8221; border_color_left=&#8221;#ffffff&#8221; global_colors_info=&#8221;{}&#8221;][\/et_pb_image][et_pb_text _builder_version=&#8221;4.27.4&#8243; text_font=&#8221;&#8211;et_global_body_font|300|||||||&#8221; text_text_color=&#8221;#666666&#8243; text_font_size=&#8221;15px&#8221; text_line_height=&#8221;1.4em&#8221; header_font=&#8221;Gideon Roman|300||on|||||&#8221; header_text_align=&#8221;center&#8221; header_text_color=&#8221;#578e87&#8243; header_font_size=&#8221;45px&#8221; header_letter_spacing=&#8221;2px&#8221; header_line_height=&#8221;1.2em&#8221; header_3_font=&#8221;Gideon Roman|600||on|||||&#8221; header_3_text_color=&#8221;#578e87&#8243; header_3_font_size=&#8221;20px&#8221; background_color=&#8221;#f7f9fd&#8221; text_orientation=&#8221;center&#8221; width=&#8221;92%&#8221; width_tablet=&#8221;95%&#8221; width_phone=&#8221;94%&#8221; width_last_edited=&#8221;on|phone&#8221; module_alignment=&#8221;center&#8221; min_height_tablet=&#8221;&#8221; min_height_phone=&#8221;auto&#8221; min_height_last_edited=&#8221;on|phone&#8221; custom_margin=&#8221;|20px||18px|false|false&#8221; custom_margin_tablet=&#8221;|20px||18px|false|false&#8221; custom_margin_phone=&#8221;||20px||false|false&#8221; custom_margin_last_edited=&#8221;on|desktop&#8221; custom_padding=&#8221;28px|20px|20px|20px|false|false&#8221; custom_padding_tablet=&#8221;||20px||false|false&#8221; custom_padding_phone=&#8221;||54px&#8221; custom_padding_last_edited=&#8221;on|phone&#8221; text_font_size_tablet=&#8221;15px&#8221; text_font_size_phone=&#8221;15px&#8221; text_font_size_last_edited=&#8221;on|phone&#8221; header_font_tablet=&#8221;Gideon Roman|300||on|||||&#8221; header_font_phone=&#8221;Gideon Roman|300||on|||||&#8221; header_font_last_edited=&#8221;on|desktop&#8221; global_colors_info=&#8221;{}&#8221;]<\/p>\n<h3>Florin Pencu<\/h3>\n<p>Nu \u021bin numaideca\u0302t la via\u021b\u0103 mea, ci vreau s\u0103-mi sfa\u0302rs\u0326esc cu bucurie slujba pe care am primit-o de la El.\n<\/p>\n<p>[\/et_pb_text][\/et_pb_column][et_pb_column type=&#8221;1_3&#8243; _builder_version=&#8221;4.16&#8243; custom_padding=&#8221;|||&#8221; global_colors_info=&#8221;{}&#8221; custom_padding__hover=&#8221;|||&#8221;][et_pb_image src=&#8221;https:\/\/asociatiamanna.ro\/wp-content\/uploads\/2025\/02\/Claudiu-Bercea-w.jpg&#8221; title_text=&#8221;Claudiu Bercea w&#8221; align_tablet=&#8221;center&#8221; align_phone=&#8221;&#8221; align_last_edited=&#8221;on|desktop&#8221; _builder_version=&#8221;4.27.4&#8243; border_width_right=&#8221;10px&#8221; border_color_right=&#8221;#ffffff&#8221; border_width_left=&#8221;10px&#8221; border_color_left=&#8221;#ffffff&#8221; global_colors_info=&#8221;{}&#8221;][\/et_pb_image][et_pb_text _builder_version=&#8221;4.27.4&#8243; text_font=&#8221;&#8211;et_global_body_font|300|||||||&#8221; text_text_color=&#8221;#666666&#8243; text_font_size=&#8221;15px&#8221; text_line_height=&#8221;1.4em&#8221; header_font=&#8221;Gideon Roman|300||on|||||&#8221; header_text_align=&#8221;center&#8221; header_text_color=&#8221;#578e87&#8243; header_font_size=&#8221;45px&#8221; header_letter_spacing=&#8221;2px&#8221; header_line_height=&#8221;1.2em&#8221; header_3_font=&#8221;Gideon Roman|600||on|||||&#8221; header_3_text_color=&#8221;#578e87&#8243; header_3_font_size=&#8221;20px&#8221; background_color=&#8221;#f7f9fd&#8221; text_orientation=&#8221;center&#8221; width=&#8221;92%&#8221; width_tablet=&#8221;95%&#8221; width_phone=&#8221;94%&#8221; width_last_edited=&#8221;on|phone&#8221; module_alignment=&#8221;center&#8221; min_height_tablet=&#8221;&#8221; min_height_phone=&#8221;auto&#8221; min_height_last_edited=&#8221;on|phone&#8221; custom_margin=&#8221;|20px||18px|false|false&#8221; custom_margin_tablet=&#8221;|20px||18px|false|false&#8221; custom_margin_phone=&#8221;||20px||false|false&#8221; custom_margin_last_edited=&#8221;on|desktop&#8221; custom_padding=&#8221;28px|20px|20px|20px|false|false&#8221; custom_padding_tablet=&#8221;||20px||false|false&#8221; custom_padding_phone=&#8221;||54px&#8221; custom_padding_last_edited=&#8221;on|phone&#8221; text_font_size_tablet=&#8221;15px&#8221; text_font_size_phone=&#8221;15px&#8221; text_font_size_last_edited=&#8221;on|phone&#8221; header_font_tablet=&#8221;Gideon Roman|300||on|||||&#8221; header_font_phone=&#8221;Gideon Roman|300||on|||||&#8221; header_font_last_edited=&#8221;on|desktop&#8221; global_colors_info=&#8221;{}&#8221;]<\/p>\n<h3>Claudiu Bercea<\/h3>\n<p>Dumnezeu doreste lucr\u0103tori care s\u0103 poat\u0103 duce Adev\u0103rul la oameni din orice clasa social\u0103.<\/p>\n<p>[\/et_pb_text][\/et_pb_column][\/et_pb_row][\/et_pb_section][et_pb_section fb_built=&#8221;1&#8243; custom_padding_last_edited=&#8221;on|phone&#8221; _builder_version=&#8221;4.27.4&#8243; background_color=&#8221;#f7f9fd&#8221; background_size=&#8221;initial&#8221; background_repeat=&#8221;repeat&#8221; custom_margin=&#8221;0px||||false|false&#8221; custom_padding=&#8221;80px||1px||false|false&#8221; custom_padding_tablet=&#8221;||40px||false|false&#8221; custom_padding_phone=&#8221;40px||||false|false&#8221; global_colors_info=&#8221;{}&#8221;][et_pb_row use_custom_gutter=&#8221;on&#8221; gutter_width=&#8221;2&#8243; make_equal=&#8221;on&#8221; _builder_version=&#8221;4.16&#8243; width=&#8221;90%&#8221; width_tablet=&#8221;90%&#8221; width_phone=&#8221;90%&#8221; width_last_edited=&#8221;on|tablet&#8221; max_width_tablet=&#8221;90%&#8221; max_width_phone=&#8221;90%&#8221; max_width_last_edited=&#8221;off|desktop&#8221; custom_padding=&#8221;0px||80px||false|false&#8221; global_colors_info=&#8221;{}&#8221;][et_pb_column type=&#8221;4_4&#8243; _builder_version=&#8221;4.16&#8243; global_colors_info=&#8221;{}&#8221;][et_pb_text _builder_version=&#8221;4.27.4&#8243; _module_preset=&#8221;default&#8221; header_font=&#8221;Gideon Roman|700|||||||&#8221; header_text_align=&#8221;center&#8221; header_text_color=&#8221;#578e87&#8243; header_font_size=&#8221;40px&#8221; header_line_height=&#8221;1.4em&#8221; header_2_font=&#8221;Gideon Roman|700|||||||&#8221; header_2_text_align=&#8221;center&#8221; header_2_text_color=&#8221;#578e87&#8243; header_2_font_size=&#8221;40px&#8221; header_2_letter_spacing=&#8221;1px&#8221; header_2_line_height=&#8221;1.4em&#8221; header_4_font=&#8221;Jost||||on||||&#8221; header_4_text_align=&#8221;center&#8221; header_4_text_color=&#8221;#fc653c&#8221; header_4_font_size=&#8221;19px&#8221; header_4_line_height=&#8221;1.2em&#8221; custom_margin=&#8221;0px||4px||false|false&#8221; custom_padding=&#8221;0px||0px||false|false&#8221; header_font_size_tablet=&#8221;30px&#8221; header_font_size_phone=&#8221;30px&#8221; header_font_size_last_edited=&#8221;on|desktop&#8221; header_line_height_tablet=&#8221;1.2em&#8221; header_line_height_phone=&#8221;1.2em&#8221; header_line_height_last_edited=&#8221;on|phone&#8221; locked=&#8221;off&#8221; global_colors_info=&#8221;{}&#8221;]<\/p>\n<h1>VOLUNTARI ASOCIA\u021aIA MANNA <\/h1>\n<p>[\/et_pb_text][et_pb_text _builder_version=&#8221;4.27.4&#8243; _module_preset=&#8221;default&#8221; text_font=&#8221;DM Sans||||||||&#8221; text_line_height=&#8221;1.4em&#8221; header_2_font=&#8221;Jost|600|||||||&#8221; header_2_text_align=&#8221;center&#8221; header_2_text_color=&#8221;#293043&#8243; header_2_font_size=&#8221;47px&#8221; header_2_letter_spacing=&#8221;-1px&#8221; header_2_line_height=&#8221;1.2em&#8221; text_orientation=&#8221;center&#8221; custom_margin=&#8221;0px||0px||false|false&#8221; custom_padding=&#8221;30px||0px||false|false&#8221; header_2_font_size_tablet=&#8221;47px&#8221; header_2_font_size_phone=&#8221;30px&#8221; header_2_font_size_last_edited=&#8221;on|phone&#8221; global_colors_info=&#8221;{}&#8221;]<\/p>\n<p>Chemarea este invita\u021bia Lui. Dar, nu doar at\u00e2t. Este scopul Lui \u00een via\u021ba noastr\u0103 \u0219i ne a\u0219eaz\u0103 \u00een contextul potrivit lucr\u0103rii Sale, de a- L sluji cu dedicare total\u0103 \u0219i pentru a ne \u00eendeplini bine slujba.<\/p>\n<p>[\/et_pb_text][\/et_pb_column][\/et_pb_row][et_pb_row column_structure=&#8221;1_2,1_2&#8243; use_custom_gutter=&#8221;on&#8221; gutter_width=&#8221;2&#8243; make_equal=&#8221;on&#8221; _builder_version=&#8221;4.27.4&#8243; width=&#8221;90%&#8221; width_tablet=&#8221;90%&#8221; width_phone=&#8221;90%&#8221; width_last_edited=&#8221;on|tablet&#8221; max_width_tablet=&#8221;550px&#8221; max_width_phone=&#8221;90%&#8221; max_width_last_edited=&#8221;on|tablet&#8221; custom_padding=&#8221;30px||55px||false|false&#8221; global_colors_info=&#8221;{}&#8221;][et_pb_column type=&#8221;1_2&#8243; _builder_version=&#8221;4.16&#8243; global_colors_info=&#8221;{}&#8221;][et_pb_image src=&#8221;https:\/\/asociatiamanna.ro\/wp-content\/uploads\/2025\/02\/Laura-Torjo-1.jpg&#8221; title_text=&#8221;Laura Torjo (1)&#8221; _builder_version=&#8221;4.27.4&#8243; max_width=&#8221;270px&#8221; module_alignment=&#8221;left&#8221; border_radii=&#8221;on|12px|12px|12px|12px&#8221; locked=&#8221;off&#8221; global_colors_info=&#8221;{}&#8221;][\/et_pb_image][et_pb_text _builder_version=&#8221;4.27.4&#8243; text_font=&#8221;&#8211;et_global_body_font||||||||&#8221; text_text_color=&#8221;#000000&#8243; text_font_size=&#8221;14px&#8221; text_line_height=&#8221;1.2em&#8221; header_3_font=&#8221;Marcellus|700||on|||||&#8221; header_3_text_align=&#8221;center&#8221; header_3_text_color=&#8221;#08392b&#8221; header_3_font_size=&#8221;16px&#8221; header_3_letter_spacing=&#8221;1px&#8221; background_color=&#8221;#f7e2c7&#8243; z_index=&#8221;999&#8243; text_orientation=&#8221;center&#8221; max_width=&#8221;304px&#8221; module_alignment=&#8221;right&#8221; custom_margin=&#8221;-263px||||false|false&#8221; custom_margin_tablet=&#8221;-279px||30px||false|false&#8221; custom_margin_phone=&#8221;-90px|||30px|false|false&#8221; custom_margin_last_edited=&#8221;on|phone&#8221; custom_padding=&#8221;52px|50px|52px|50px|true|true&#8221; border_radii=&#8221;on|12px|12px|12px|12px&#8221; text_text_align=&#8221;center&#8221; locked=&#8221;off&#8221; global_colors_info=&#8221;{}&#8221;]<\/p>\n<p>\u201c Ea deschide gura cu \u00een\u021belepciune \u0219i \u00eenv\u0103\u021b\u0103turi pl\u0103cute \u00eei sunt pe limba.\u201d\n<\/p>\n<p><em><\/em><\/p>\n<h3>Laura Torjo<\/h3>\n<p><strong>Lider grup\u0103 mic\u0103<\/strong><\/p>\n<p>[\/et_pb_text][\/et_pb_column][et_pb_column type=&#8221;1_2&#8243; _builder_version=&#8221;4.16&#8243; global_colors_info=&#8221;{}&#8221;][et_pb_image src=&#8221;https:\/\/asociatiamanna.ro\/wp-content\/uploads\/2025\/02\/Valentina-Basulescu-w1.jpg&#8221; title_text=&#8221;Valentina Basulescu w1&#8243; _builder_version=&#8221;4.27.4&#8243; max_width=&#8221;270px&#8221; module_alignment=&#8221;left&#8221; border_radii=&#8221;on|12px|12px|12px|12px&#8221; locked=&#8221;off&#8221; global_colors_info=&#8221;{}&#8221;][\/et_pb_image][et_pb_text _builder_version=&#8221;4.27.4&#8243; text_font=&#8221;&#8211;et_global_body_font||||||||&#8221; text_text_color=&#8221;#000000&#8243; text_font_size=&#8221;14px&#8221; text_line_height=&#8221;1.2em&#8221; header_3_font=&#8221;Marcellus|700||on|||||&#8221; header_3_text_align=&#8221;center&#8221; header_3_text_color=&#8221;#08392b&#8221; header_3_font_size=&#8221;16px&#8221; header_3_letter_spacing=&#8221;1px&#8221; background_color=&#8221;#f7e2c7&#8243; z_index=&#8221;999&#8243; text_orientation=&#8221;center&#8221; max_width=&#8221;304px&#8221; module_alignment=&#8221;right&#8221; custom_margin=&#8221;-263px||||false|false&#8221; custom_margin_tablet=&#8221;-279px||30px||false|false&#8221; custom_margin_phone=&#8221;-90px|||30px|false|false&#8221; custom_margin_last_edited=&#8221;on|phone&#8221; custom_padding=&#8221;52px|50px|52px|50px|true|true&#8221; border_radii=&#8221;on|12px|12px|12px|12px&#8221; text_text_align=&#8221;center&#8221; locked=&#8221;off&#8221; global_colors_info=&#8221;{}&#8221;]<\/p>\n<p>Am \u00eenv\u0103\u0163at s\u0103 nu uit\u0103m s\u0103 z\u00e2mbim \u015fi fiecare moment petrecut al\u0103turi una de cealalt\u0103, aduce \u00eemplinire.<\/p>\n<p><em><\/em><\/p>\n<h3>Valentina Ba\u0219ulescu<\/h3>\n<p><strong>Lider studiu biblic<\/strong><\/p>\n<p>[\/et_pb_text][\/et_pb_column][\/et_pb_row][et_pb_row column_structure=&#8221;1_2,1_2&#8243; use_custom_gutter=&#8221;on&#8221; gutter_width=&#8221;2&#8243; make_equal=&#8221;on&#8221; _builder_version=&#8221;4.16&#8243; width=&#8221;90%&#8221; width_tablet=&#8221;90%&#8221; width_phone=&#8221;90%&#8221; width_last_edited=&#8221;on|tablet&#8221; max_width_tablet=&#8221;550px&#8221; max_width_phone=&#8221;90%&#8221; max_width_last_edited=&#8221;on|tablet&#8221; custom_padding=&#8221;0px||55px||false|false&#8221; global_colors_info=&#8221;{}&#8221;][et_pb_column type=&#8221;1_2&#8243; _builder_version=&#8221;4.16&#8243; global_colors_info=&#8221;{}&#8221;][et_pb_image src=&#8221;https:\/\/asociatiamanna.ro\/wp-content\/uploads\/2025\/02\/Iulia-Bogdanov-1.jpg&#8221; title_text=&#8221;Iulia Bogdanov (1)&#8221; _builder_version=&#8221;4.27.4&#8243; max_width=&#8221;270px&#8221; module_alignment=&#8221;left&#8221; border_radii=&#8221;on|12px|12px|12px|12px&#8221; locked=&#8221;off&#8221; global_colors_info=&#8221;{}&#8221;][\/et_pb_image][et_pb_text _builder_version=&#8221;4.27.4&#8243; text_font=&#8221;&#8211;et_global_body_font||||||||&#8221; text_text_color=&#8221;#000000&#8243; text_font_size=&#8221;14px&#8221; text_line_height=&#8221;1.2em&#8221; header_3_font=&#8221;Marcellus|700||on|||||&#8221; header_3_text_align=&#8221;center&#8221; header_3_text_color=&#8221;#08392b&#8221; header_3_font_size=&#8221;16px&#8221; header_3_letter_spacing=&#8221;1px&#8221; background_color=&#8221;#f7e2c7&#8243; z_index=&#8221;999&#8243; text_orientation=&#8221;center&#8221; max_width=&#8221;304px&#8221; module_alignment=&#8221;right&#8221; custom_margin=&#8221;-263px||||false|false&#8221; custom_margin_tablet=&#8221;-279px||30px||false|false&#8221; custom_margin_phone=&#8221;-90px|||30px|false|false&#8221; custom_margin_last_edited=&#8221;on|phone&#8221; custom_padding=&#8221;52px|50px|52px|50px|true|true&#8221; border_radii=&#8221;on|12px|12px|12px|12px&#8221; text_text_align=&#8221;center&#8221; locked=&#8221;off&#8221; global_colors_info=&#8221;{}&#8221;]<\/p>\n<p>\u00cenchinarea \u00eel schimb\u0103 pe \u00eenchin\u0103tor fiind condus de Duhul Sf\u00e2nt.<\/p>\n<p><em><\/em><\/p>\n<h3>Iulia Bogdanov<\/h3>\n<p><strong>Lider \u00eenchinare<\/strong><\/p>\n<p>[\/et_pb_text][\/et_pb_column][et_pb_column type=&#8221;1_2&#8243; _builder_version=&#8221;4.16&#8243; global_colors_info=&#8221;{}&#8221;][et_pb_image src=&#8221;https:\/\/asociatiamanna.ro\/wp-content\/uploads\/2025\/02\/Rebeca-Draganesc-1.jpg&#8221; title_text=&#8221;Rebeca Dr\u0103g\u0103nesc (1)&#8221; _builder_version=&#8221;4.27.4&#8243; max_width=&#8221;270px&#8221; module_alignment=&#8221;left&#8221; border_radii=&#8221;on|12px|12px|12px|12px&#8221; locked=&#8221;off&#8221; global_colors_info=&#8221;{}&#8221;][\/et_pb_image][et_pb_text _builder_version=&#8221;4.27.4&#8243; text_font=&#8221;&#8211;et_global_body_font||||||||&#8221; text_text_color=&#8221;#000000&#8243; text_font_size=&#8221;14px&#8221; text_line_height=&#8221;1.2em&#8221; header_3_font=&#8221;Marcellus|700||on|||||&#8221; header_3_text_align=&#8221;center&#8221; header_3_text_color=&#8221;#08392b&#8221; header_3_font_size=&#8221;16px&#8221; header_3_letter_spacing=&#8221;1px&#8221; background_color=&#8221;#f7e2c7&#8243; z_index=&#8221;999&#8243; text_orientation=&#8221;center&#8221; max_width=&#8221;304px&#8221; module_alignment=&#8221;right&#8221; custom_margin=&#8221;-263px||||false|false&#8221; custom_margin_tablet=&#8221;-279px||30px||false|false&#8221; custom_margin_phone=&#8221;-90px|||30px|false|false&#8221; custom_margin_last_edited=&#8221;on|phone&#8221; custom_padding=&#8221;52px|50px|52px|50px|true|true&#8221; border_radii=&#8221;on|12px|12px|12px|12px&#8221; text_text_align=&#8221;center&#8221; locked=&#8221;off&#8221; global_colors_info=&#8221;{}&#8221;]Mi-a turnat \u00een inim\u0103 dragostea Sa, m-a f\u0103cut un \u00eenchin\u0103tor adev\u0103rat al S\u0103u \u0219i iubitoare\u00a0de\u00a0oameni.<\/p>\n<p><em><\/em><\/p>\n<h3>Rebeca Dr\u0103g\u0103nesc<\/h3>\n<p><strong>Lider grup\u0103 mic\u0103<\/strong><\/p>\n<p>[\/et_pb_text][\/et_pb_column][\/et_pb_row][et_pb_row column_structure=&#8221;1_2,1_2&#8243; use_custom_gutter=&#8221;on&#8221; gutter_width=&#8221;2&#8243; make_equal=&#8221;on&#8221; _builder_version=&#8221;4.27.4&#8243; width=&#8221;90%&#8221; width_tablet=&#8221;90%&#8221; width_phone=&#8221;90%&#8221; width_last_edited=&#8221;on|tablet&#8221; max_width_tablet=&#8221;550px&#8221; max_width_phone=&#8221;90%&#8221; max_width_last_edited=&#8221;on|tablet&#8221; custom_padding=&#8221;30px||55px||false|false&#8221; global_colors_info=&#8221;{}&#8221;][et_pb_column type=&#8221;1_2&#8243; _builder_version=&#8221;4.16&#8243; global_colors_info=&#8221;{}&#8221;][et_pb_image src=&#8221;https:\/\/asociatiamanna.ro\/wp-content\/uploads\/2025\/02\/Lenuta-Gale-1.jpg&#8221; title_text=&#8221;Lenu\u021ba Gale (1)&#8221; _builder_version=&#8221;4.27.4&#8243; max_width=&#8221;270px&#8221; module_alignment=&#8221;left&#8221; border_radii=&#8221;on|12px|12px|12px|12px&#8221; locked=&#8221;off&#8221; global_colors_info=&#8221;{}&#8221;][\/et_pb_image][et_pb_text _builder_version=&#8221;4.27.4&#8243; text_font=&#8221;&#8211;et_global_body_font||||||||&#8221; text_text_color=&#8221;#000000&#8243; text_font_size=&#8221;14px&#8221; text_line_height=&#8221;1.2em&#8221; header_3_font=&#8221;Marcellus|700||on|||||&#8221; header_3_text_align=&#8221;center&#8221; header_3_text_color=&#8221;#08392b&#8221; header_3_font_size=&#8221;16px&#8221; header_3_letter_spacing=&#8221;1px&#8221; background_color=&#8221;#f7e2c7&#8243; z_index=&#8221;999&#8243; text_orientation=&#8221;center&#8221; max_width=&#8221;304px&#8221; module_alignment=&#8221;right&#8221; custom_margin=&#8221;-263px||||false|false&#8221; custom_margin_tablet=&#8221;-279px||30px||false|false&#8221; custom_margin_phone=&#8221;-90px|||30px|false|false&#8221; custom_margin_last_edited=&#8221;on|phone&#8221; custom_padding=&#8221;52px|50px|52px|50px|true|true&#8221; border_radii=&#8221;on|12px|12px|12px|12px&#8221; text_text_align=&#8221;center&#8221; locked=&#8221;off&#8221; global_colors_info=&#8221;{}&#8221;]<\/p>\n<p>Suntem ml\u0103di\u021be ale celei mai perfecte VI\u021aE &#8211; Acesta este Domnul Isus.<\/p>\n<p><em><\/em><\/p>\n<h3>Lenu\u021ba Gale<\/h3>\n<p><strong>Lider grup\u0103 mic\u0103<\/strong><\/p>\n<p>[\/et_pb_text][\/et_pb_column][et_pb_column type=&#8221;1_2&#8243; _builder_version=&#8221;4.16&#8243; global_colors_info=&#8221;{}&#8221;][et_pb_image src=&#8221;https:\/\/asociatiamanna.ro\/wp-content\/uploads\/2025\/02\/Anca-Miscu-1.jpg&#8221; title_text=&#8221;Anca Miscu (1)&#8221; _builder_version=&#8221;4.27.4&#8243; max_width=&#8221;270px&#8221; module_alignment=&#8221;left&#8221; border_radii=&#8221;on|12px|12px|12px|12px&#8221; locked=&#8221;off&#8221; global_colors_info=&#8221;{}&#8221;][\/et_pb_image][et_pb_text _builder_version=&#8221;4.27.4&#8243; text_font=&#8221;&#8211;et_global_body_font||||||||&#8221; text_text_color=&#8221;#000000&#8243; text_font_size=&#8221;14px&#8221; text_line_height=&#8221;1.2em&#8221; header_3_font=&#8221;Marcellus|700||on|||||&#8221; header_3_text_align=&#8221;center&#8221; header_3_text_color=&#8221;#08392b&#8221; header_3_font_size=&#8221;16px&#8221; header_3_letter_spacing=&#8221;1px&#8221; background_color=&#8221;#f7e2c7&#8243; z_index=&#8221;999&#8243; text_orientation=&#8221;center&#8221; max_width=&#8221;304px&#8221; module_alignment=&#8221;right&#8221; custom_margin=&#8221;-263px||||false|false&#8221; custom_margin_tablet=&#8221;-279px||30px||false|false&#8221; custom_margin_phone=&#8221;-90px|||30px|false|false&#8221; custom_margin_last_edited=&#8221;on|phone&#8221; custom_padding=&#8221;52px|50px|52px|50px|true|true&#8221; border_radii=&#8221;on|12px|12px|12px|12px&#8221; text_text_align=&#8221;center&#8221; locked=&#8221;off&#8221; global_colors_info=&#8221;{}&#8221;]<\/p>\n<p>Dragostea lui Dumnezeu este mai puternic\u0103 dec\u00e2t talazurile m\u0103rii.<\/p>\n<p><em><\/em><\/p>\n<h3>Anca Mi\u0219cu<\/h3>\n<p><strong>Lider grup\u0103 mic\u0103<\/strong><\/p>\n<p>[\/et_pb_text][\/et_pb_column][\/et_pb_row][\/et_pb_section][et_pb_section fb_built=&#8221;1&#8243; custom_padding_last_edited=&#8221;on|phone&#8221; _builder_version=&#8221;4.27.4&#8243; background_color=&#8221;#f7f9fd&#8221; custom_padding=&#8221;0px|0px|80px|0px|false|false&#8221; custom_padding_tablet=&#8221;||60px||false|false&#8221; custom_padding_phone=&#8221;||60px||false|false&#8221; global_colors_info=&#8221;{}&#8221;][et_pb_row _builder_version=&#8221;4.16&#8243; custom_padding=&#8221;50px|0px||0px|false|false&#8221; use_custom_width=&#8221;on&#8221; custom_width_px=&#8221;1140px&#8221; global_colors_info=&#8221;{}&#8221;][et_pb_column type=&#8221;4_4&#8243; _builder_version=&#8221;4.16&#8243; custom_padding=&#8221;|||&#8221; global_colors_info=&#8221;{}&#8221; custom_padding__hover=&#8221;|||&#8221;][et_pb_text _builder_version=&#8221;4.27.4&#8243; header_font=&#8221;Gideon Roman|700|||||||&#8221; header_text_align=&#8221;center&#8221; header_text_color=&#8221;#578e87&#8243; header_font_size=&#8221;40px&#8221; header_line_height=&#8221;1.4em&#8221; header_2_font=&#8221;Gideon Roman|700|||||||&#8221; header_2_text_align=&#8221;center&#8221; header_2_text_color=&#8221;#578e87&#8243; header_2_font_size=&#8221;40px&#8221; header_2_letter_spacing=&#8221;1px&#8221; header_2_line_height=&#8221;1.4em&#8221; header_4_font=&#8221;Jost||||on||||&#8221; header_4_text_align=&#8221;center&#8221; header_4_text_color=&#8221;#fc653c&#8221; header_4_font_size=&#8221;19px&#8221; header_4_line_height=&#8221;1.2em&#8221; custom_margin=&#8221;0px||4px||false|false&#8221; custom_padding=&#8221;0px||0px||false|false&#8221; header_font_size_tablet=&#8221;30px&#8221; header_font_size_phone=&#8221;30px&#8221; header_font_size_last_edited=&#8221;on|desktop&#8221; header_line_height_tablet=&#8221;1.2em&#8221; header_line_height_phone=&#8221;1.2em&#8221; header_line_height_last_edited=&#8221;on|phone&#8221; global_colors_info=&#8221;{}&#8221;]<\/p>\n<h1>VOLUNTARI VACAN\u021aA MANNA <\/h1>\n<p>[\/et_pb_text][et_pb_text admin_label=&#8221;Text&#8221; _builder_version=&#8221;4.27.4&#8243; text_font=&#8221;DM Sans||||||||&#8221; text_line_height=&#8221;1.4em&#8221; header_2_font=&#8221;Jost|600|||||||&#8221; header_2_text_align=&#8221;center&#8221; header_2_text_color=&#8221;#293043&#8243; header_2_font_size=&#8221;47px&#8221; header_2_letter_spacing=&#8221;-1px&#8221; header_2_line_height=&#8221;1.2em&#8221; text_orientation=&#8221;center&#8221; custom_margin=&#8221;0px||0px||false|false&#8221; custom_padding=&#8221;2px||0px||false|false&#8221; header_2_font_size_tablet=&#8221;47px&#8221; header_2_font_size_phone=&#8221;30px&#8221; header_2_font_size_last_edited=&#8221;on|phone&#8221; global_colors_info=&#8221;{}&#8221;]Puterea exemplului din familia noastr\u0103 &#8211; p\u0103rin\u021bii, ne i\u0302nva\u021b\u0103 cum s\u0103  raspa\u0302ndim Lumina Soarelui Neprih\u0103nirii  i\u0302n contextele i\u0302n care ne afl\u0103m.[\/et_pb_text][\/et_pb_column][\/et_pb_row][et_pb_row column_structure=&#8221;1_3,1_3,1_3&#8243; use_custom_gutter=&#8221;on&#8221; gutter_width=&#8221;1&#8243; module_class=&#8221; et_pb_row_fullwidth&#8221; _builder_version=&#8221;4.16&#8243; width=&#8221;100%&#8221; width_tablet=&#8221;100%&#8221; width_phone=&#8221;&#8221; width_last_edited=&#8221;on|desktop&#8221; max_width=&#8221;100%&#8221; max_width_tablet=&#8221;100%&#8221; max_width_phone=&#8221;&#8221; max_width_last_edited=&#8221;on|desktop&#8221; custom_padding=&#8221;|0px||0px|false|false&#8221; border_width_right=&#8221;10px&#8221; border_color_right=&#8221;#ffffff&#8221; border_width_left=&#8221;10px&#8221; border_color_left=&#8221;#ffffff&#8221; make_fullwidth=&#8221;on&#8221; global_colors_info=&#8221;{}&#8221;][et_pb_column type=&#8221;1_3&#8243; _builder_version=&#8221;4.16&#8243; custom_padding=&#8221;|||&#8221; global_colors_info=&#8221;{}&#8221; custom_padding__hover=&#8221;|||&#8221;][et_pb_image src=&#8221;https:\/\/asociatiamanna.ro\/wp-content\/uploads\/2025\/02\/Lucas-Costa-1.jpg&#8221; title_text=&#8221;Lucas Costa (1)&#8221; align_tablet=&#8221;center&#8221; align_phone=&#8221;&#8221; align_last_edited=&#8221;on|desktop&#8221; _builder_version=&#8221;4.27.4&#8243; border_width_right=&#8221;10px&#8221; border_color_right=&#8221;#ffffff&#8221; border_width_left=&#8221;10px&#8221; border_color_left=&#8221;#ffffff&#8221; global_colors_info=&#8221;{}&#8221;][\/et_pb_image][et_pb_text _builder_version=&#8221;4.27.4&#8243; text_font=&#8221;&#8211;et_global_body_font|300|||||||&#8221; text_text_color=&#8221;#666666&#8243; text_font_size=&#8221;15px&#8221; text_line_height=&#8221;1.4em&#8221; header_font=&#8221;Gideon Roman|300||on|||||&#8221; header_text_align=&#8221;center&#8221; header_text_color=&#8221;#578e87&#8243; header_font_size=&#8221;45px&#8221; header_letter_spacing=&#8221;2px&#8221; header_line_height=&#8221;1.2em&#8221; header_3_font=&#8221;Gideon Roman|600||on|||||&#8221; header_3_text_color=&#8221;#578e87&#8243; header_3_font_size=&#8221;20px&#8221; background_color=&#8221;#FFFFFF&#8221; text_orientation=&#8221;center&#8221; width=&#8221;92%&#8221; width_tablet=&#8221;95%&#8221; width_phone=&#8221;94%&#8221; width_last_edited=&#8221;on|phone&#8221; module_alignment=&#8221;center&#8221; min_height_tablet=&#8221;&#8221; min_height_phone=&#8221;auto&#8221; min_height_last_edited=&#8221;on|phone&#8221; custom_margin=&#8221;|20px||18px|false|false&#8221; custom_margin_tablet=&#8221;|20px||18px|false|false&#8221; custom_margin_phone=&#8221;||20px||false|false&#8221; custom_margin_last_edited=&#8221;on|desktop&#8221; custom_padding=&#8221;28px|20px|20px|20px|false|false&#8221; custom_padding_tablet=&#8221;||20px||false|false&#8221; custom_padding_phone=&#8221;||54px&#8221; custom_padding_last_edited=&#8221;on|phone&#8221; text_font_size_tablet=&#8221;15px&#8221; text_font_size_phone=&#8221;15px&#8221; text_font_size_last_edited=&#8221;on|phone&#8221; header_font_tablet=&#8221;Gideon Roman|300||on|||||&#8221; header_font_phone=&#8221;Gideon Roman|300||on|||||&#8221; header_font_last_edited=&#8221;on|desktop&#8221; global_colors_info=&#8221;{}&#8221;]<\/p>\n<h3>Lucas Costa<\/h3>\n<p>Dumnezeu spune despre mine \u0219i despre \u021bine: SUNT O CAPODOPER\u0102! E\u0218TI O CAPODOPER\u0102<\/p>\n<p>[\/et_pb_text][\/et_pb_column][et_pb_column type=&#8221;1_3&#8243; _builder_version=&#8221;4.16&#8243; custom_padding=&#8221;|||&#8221; global_colors_info=&#8221;{}&#8221; custom_padding__hover=&#8221;|||&#8221;][et_pb_image src=&#8221;https:\/\/asociatiamanna.ro\/wp-content\/uploads\/2025\/02\/Filip-Costa-1.jpg&#8221; title_text=&#8221;Filip Costa (1)&#8221; align_tablet=&#8221;center&#8221; align_phone=&#8221;&#8221; align_last_edited=&#8221;on|desktop&#8221; _builder_version=&#8221;4.27.4&#8243; border_width_right=&#8221;10px&#8221; border_color_right=&#8221;#ffffff&#8221; border_width_left=&#8221;10px&#8221; border_color_left=&#8221;#ffffff&#8221; global_colors_info=&#8221;{}&#8221;][\/et_pb_image][et_pb_text _builder_version=&#8221;4.27.4&#8243; text_font=&#8221;&#8211;et_global_body_font|300|||||||&#8221; text_text_color=&#8221;#666666&#8243; text_font_size=&#8221;15px&#8221; text_line_height=&#8221;1.4em&#8221; header_font=&#8221;Gideon Roman|300||on|||||&#8221; header_text_align=&#8221;center&#8221; header_text_color=&#8221;#578e87&#8243; header_font_size=&#8221;45px&#8221; header_letter_spacing=&#8221;2px&#8221; header_line_height=&#8221;1.2em&#8221; header_3_font=&#8221;Gideon Roman|600||on|||||&#8221; header_3_text_color=&#8221;#578e87&#8243; header_3_font_size=&#8221;20px&#8221; background_color=&#8221;#FFFFFF&#8221; text_orientation=&#8221;center&#8221; width=&#8221;92%&#8221; width_tablet=&#8221;95%&#8221; width_phone=&#8221;94%&#8221; width_last_edited=&#8221;on|phone&#8221; module_alignment=&#8221;center&#8221; min_height_tablet=&#8221;&#8221; min_height_phone=&#8221;auto&#8221; min_height_last_edited=&#8221;on|phone&#8221; custom_margin=&#8221;|20px||18px|false|false&#8221; custom_margin_tablet=&#8221;|20px||18px|false|false&#8221; custom_margin_phone=&#8221;||20px||false|false&#8221; custom_margin_last_edited=&#8221;on|desktop&#8221; custom_padding=&#8221;28px|20px|20px|20px|false|false&#8221; custom_padding_tablet=&#8221;||20px||false|false&#8221; custom_padding_phone=&#8221;||54px&#8221; custom_padding_last_edited=&#8221;on|phone&#8221; text_font_size_tablet=&#8221;15px&#8221; text_font_size_phone=&#8221;15px&#8221; text_font_size_last_edited=&#8221;on|phone&#8221; header_font_tablet=&#8221;Gideon Roman|300||on|||||&#8221; header_font_phone=&#8221;Gideon Roman|300||on|||||&#8221; header_font_last_edited=&#8221;on|desktop&#8221; global_colors_info=&#8221;{}&#8221;]<\/p>\n<h3>Filip Costa<\/h3>\n<p>Nu este suficient s\u0103 mi se explice despre Dumnezeu, ci s\u0103 I\u0302l v\u0103d pe El manifestat.<\/p>\n<p>[\/et_pb_text][\/et_pb_column][et_pb_column type=&#8221;1_3&#8243; _builder_version=&#8221;4.16&#8243; custom_padding=&#8221;|||&#8221; global_colors_info=&#8221;{}&#8221; custom_padding__hover=&#8221;|||&#8221;][et_pb_image src=&#8221;https:\/\/asociatiamanna.ro\/wp-content\/uploads\/2025\/02\/Andra-Pencu-1.jpg&#8221; title_text=&#8221;Andra Pencu (1)&#8221; align_tablet=&#8221;center&#8221; align_phone=&#8221;&#8221; align_last_edited=&#8221;on|desktop&#8221; _builder_version=&#8221;4.27.4&#8243; border_width_right=&#8221;10px&#8221; border_color_right=&#8221;#ffffff&#8221; border_width_left=&#8221;10px&#8221; border_color_left=&#8221;#ffffff&#8221; global_colors_info=&#8221;{}&#8221;][\/et_pb_image][et_pb_text _builder_version=&#8221;4.27.4&#8243; text_font=&#8221;&#8211;et_global_body_font|300|||||||&#8221; text_text_color=&#8221;#666666&#8243; text_font_size=&#8221;15px&#8221; text_line_height=&#8221;1.4em&#8221; header_font=&#8221;Gideon Roman|300||on|||||&#8221; header_text_align=&#8221;center&#8221; header_text_color=&#8221;#578e87&#8243; header_font_size=&#8221;45px&#8221; header_letter_spacing=&#8221;2px&#8221; header_line_height=&#8221;1.2em&#8221; header_3_font=&#8221;Gideon Roman|600||on|||||&#8221; header_3_text_color=&#8221;#578e87&#8243; header_3_font_size=&#8221;20px&#8221; background_color=&#8221;#FFFFFF&#8221; text_orientation=&#8221;center&#8221; width=&#8221;92%&#8221; width_tablet=&#8221;95%&#8221; width_phone=&#8221;94%&#8221; width_last_edited=&#8221;on|phone&#8221; module_alignment=&#8221;center&#8221; min_height_tablet=&#8221;&#8221; min_height_phone=&#8221;auto&#8221; min_height_last_edited=&#8221;on|phone&#8221; custom_margin=&#8221;|20px||18px|false|false&#8221; custom_margin_tablet=&#8221;|20px||18px|false|false&#8221; custom_margin_phone=&#8221;||20px||false|false&#8221; custom_margin_last_edited=&#8221;on|desktop&#8221; custom_padding=&#8221;28px|20px|20px|20px|false|false&#8221; custom_padding_tablet=&#8221;||20px||false|false&#8221; custom_padding_phone=&#8221;||54px&#8221; custom_padding_last_edited=&#8221;on|phone&#8221; text_font_size_tablet=&#8221;15px&#8221; text_font_size_phone=&#8221;15px&#8221; text_font_size_last_edited=&#8221;on|phone&#8221; header_font_tablet=&#8221;Gideon Roman|300||on|||||&#8221; header_font_phone=&#8221;Gideon Roman|300||on|||||&#8221; header_font_last_edited=&#8221;on|desktop&#8221; global_colors_info=&#8221;{}&#8221;]<\/p>\n<h3>Andra Pencu<\/h3>\n<p>Sunt rezultatul lucr\u0103rii m\u0103\u0302inii lui Dumnezeu, \u0219i  am fost creat\u0103 dup\u0103 chipul lui Dumnezeu. <\/p>\n<p>[\/et_pb_text][\/et_pb_column][\/et_pb_row][\/et_pb_section][et_pb_section fb_built=&#8221;1&#8243; custom_padding_last_edited=&#8221;on|phone&#8221; _builder_version=&#8221;4.21.0&#8243; _module_preset=&#8221;default&#8221; background_color=&#8221;#1e1e22&#8243; background_image=&#8221;https:\/\/asociatiamanna.ro\/wp-content\/uploads\/2025\/01\/agency-59-bpt-19.png&#8221; background_size=&#8221;custom&#8221; background_image_width=&#8221;577px&#8221; background_position=&#8221;bottom_left&#8221; overflow-x=&#8221;hidden&#8221; overflow-y=&#8221;hidden&#8221; custom_margin=&#8221;0px||0px||false|false&#8221; custom_padding=&#8221;125px||130px||false|false&#8221; custom_padding_tablet=&#8221;130px||130px||false|false&#8221; custom_padding_phone=&#8221;90px||90px||false|false&#8221; background_last_edited=&#8221;on|tablet&#8221; background_enable_image_tablet=&#8221;off&#8221; custom_css_before=&#8221;position: absolute;||    width: 450px;||    height: 450px;||    content: &#8221;;||    border-radius: 50%;||    background: #fc653c;||\t\tleft: -10%;||    top: 20%;||    -webkit-filter: blur(350px);||    filter: blur(350px);&#8221; custom_css_after=&#8221;position: absolute;||    width: 390px;||    height: 390px;||    content: &#8221;;||    border-radius: 50%;||    background: #fc653c;||    right: -8%;||    top: -15%;||    -webkit-filter: blur(110px);||    filter: blur(110px);&#8221; global_colors_info=&#8221;{}&#8221; custom_css_after_last_edited=&#8221;on|tablet&#8221; custom_css_after_tablet=&#8221;display:none;&#8221; custom_css_after_phone=&#8221;display:none;&#8221;][et_pb_row _builder_version=&#8221;4.21.0&#8243; _module_preset=&#8221;default&#8221; width=&#8221;90%&#8221; max_width=&#8221;1290px&#8221; custom_margin=&#8221;0px||50px||false|false&#8221; custom_padding=&#8221;0px||0px||false|false&#8221; animation_style=&#8221;slide&#8221; animation_direction=&#8221;bottom&#8221; animation_intensity_slide=&#8221;12%&#8221; animation_speed_curve=&#8221;ease&#8221; global_colors_info=&#8221;{}&#8221;][et_pb_column type=&#8221;4_4&#8243; _builder_version=&#8221;4.21.0&#8243; _module_preset=&#8221;default&#8221; global_colors_info=&#8221;{}&#8221;][et_pb_text _builder_version=&#8221;4.27.4&#8243; _module_preset=&#8221;default&#8221; header_2_font=&#8221;Gideon Roman|700|||||||&#8221; header_2_text_align=&#8221;center&#8221; header_2_text_color=&#8221;#578e87&#8243; header_2_font_size=&#8221;40px&#8221; header_2_letter_spacing=&#8221;2px&#8221; header_2_line_height=&#8221;1.4em&#8221; header_4_font=&#8221;Jost||||on||||&#8221; header_4_text_align=&#8221;center&#8221; header_4_text_color=&#8221;#fc653c&#8221; header_4_font_size=&#8221;19px&#8221; header_4_line_height=&#8221;1.2em&#8221; custom_margin=&#8221;0px||4px||false|false&#8221; custom_padding=&#8221;0px||0px||false|false&#8221; global_colors_info=&#8221;{}&#8221;]<\/p>\n<h2>DONEAZ\u0102<\/h2>\n<p>[\/et_pb_text][et_pb_image src=&#8221;https:\/\/asociatiamanna.ro\/wp-content\/uploads\/2025\/01\/agency-59-bpt-5.png&#8221; align=&#8221;right&#8221; disabled_on=&#8221;on|on|off&#8221; _builder_version=&#8221;4.27.4&#8243; _module_preset=&#8221;default&#8221; positioning=&#8221;absolute&#8221; position_origin_a=&#8221;top_right&#8221; vertical_offset=&#8221;35px&#8221; horizontal_offset=&#8221;-127px&#8221; max_width=&#8221;156px&#8221; custom_margin=&#8221;0px||0px||false|false&#8221; custom_padding=&#8221;0px||0px||false|false&#8221; global_colors_info=&#8221;{}&#8221;][\/et_pb_image][\/et_pb_column][\/et_pb_row][et_pb_row use_custom_gutter=&#8221;on&#8221; gutter_width=&#8221;2&#8243; make_equal=&#8221;on&#8221; _builder_version=&#8221;4.27.4&#8243; _module_preset=&#8221;default&#8221; width=&#8221;90%&#8221; max_width=&#8221;1290px&#8221; max_width_tablet=&#8221;1290px&#8221; max_width_phone=&#8221;1290px&#8221; max_width_last_edited=&#8221;off|desktop&#8221; custom_margin=&#8221;0px||0px||false|false&#8221; custom_padding=&#8221;0px||0px||false|false&#8221; global_colors_info=&#8221;{}&#8221;][et_pb_column type=&#8221;4_4&#8243; _builder_version=&#8221;4.27.4&#8243; _module_preset=&#8221;default&#8221; background_color=&#8221;#FFFFFF&#8221; custom_padding=&#8221;38px|30px|55px|30px|false|false&#8221; animation_style=&#8221;slide&#8221; animation_direction=&#8221;bottom&#8221; animation_intensity_slide=&#8221;4%&#8221; animation_speed_curve=&#8221;ease&#8221; link_option_url=&#8221;#&#8221; border_radii=&#8221;on|7px|7px|7px|7px&#8221; global_colors_info=&#8221;{}&#8221;][et_pb_text _builder_version=&#8221;4.27.4&#8243; _module_preset=&#8221;default&#8221; header_3_font=&#8221;Gideon Roman|600|||||||&#8221; header_3_text_align=&#8221;center&#8221; header_3_text_color=&#8221;#08392b&#8221; header_3_font_size=&#8221;18px&#8221; header_3_line_height=&#8221;1.4em&#8221; custom_margin=&#8221;0px||10px||false|false&#8221; custom_padding=&#8221;0px||0px||false|false&#8221; global_colors_info=&#8221;{}&#8221;]<\/p>\n<h3>\u201eCel ce d\u0103 s\u0103m\u00e2n\u021b\u0103 sem\u0103n\u0103torului \u0219i p\u00e2ine pentru hran\u0103\u201d v\u0103 va da \u0219i v\u0103 va \u00eenmul\u021bi \u0219i vou\u0103 s\u0103m\u00e2n\u021ba de sem\u0103nat \u0219i va face s\u0103 creasc\u0103 roadele neprih\u0103nirii voastre. \u00cen chipul acesta ve\u021bi fi \u00eembog\u0103\u021bi\u021bi \u00een toate privin\u021bele, pentru orice d\u0103rnicie, care, prin noi, va face s\u0103 se aduc\u0103 mul\u021bumiri lui Dumnezeu.&#8221;<br \/>2 Corinteni\u00a09:10-11<\/h3>\n<p>[\/et_pb_text][et_pb_image src=&#8221;https:\/\/asociatiamanna.ro\/wp-content\/uploads\/2025\/01\/agency-59-bpt-29.png&#8221; url=&#8221;\/doneaza\/&#8221; align=&#8221;center&#8221; _builder_version=&#8221;4.27.4&#8243; _module_preset=&#8221;default&#8221; height=&#8221;31px&#8221; custom_margin=&#8221;0px||0px||false|false&#8221; custom_padding=&#8221;0px||0px||false|false&#8221; global_colors_info=&#8221;{}&#8221;][\/et_pb_image][\/et_pb_column][\/et_pb_row][\/et_pb_section]<\/p>\n","protected":false},"excerpt":{"rendered":"<p>ECHIPA ASOCIA\u021aIA MANNACine are o inim\u0103 deschis\u0103 pentru Dumnezeu, acela are o inim\u0103 deschis\u0103 \u0219i pentru al\u021bii. Slujirea nu mai poate fi o posibilitate. Ea este un imperativ! De noi depinde dac\u0103 l\u0103s\u0103m aceast\u0103 dragoste a lui Dumnezeu s\u0103 intre \u00een via\u021ba noastr\u0103!ADINA COSTA &#8211; Pre\u0219edinte Asocia\u021bia Manna Director \u0218coala Naomi, Director Revista Naomi \u0219i MARIUS COSTA &#8211; Vicepre\u0219edinte Asocia\u021bia Manna Membri fondatoriCredem c\u0103 acolo unde inima este deschis\u0103 pentru Dumnezeu, se deschide \u0219i pentru oameni.Pentru Adina \u0219i Marius Costa, slujirea nu este o op\u021biune, ci un mod de via\u021b\u0103 \u2013 un imperativ al dragostei lui Hristos care transform\u0103 inimi, familii \u0219i comunit\u0103\u021bi. Adina Costa este pre\u0219edinte al Asocia\u021biei \u201eManna \u2013 m\u00e2n\u0103 \u00een m\u00e2n\u0103\u201d, director al \u0218colii \u0219i Revistei Naomi, \u0219i o femeie cu o inim\u0103 dedicat\u0103 lui Dumnezeu, familiei \u0219i celor din jur. \u00cenv\u0103\u021b\u0103toare cu voca\u021bie \u0219i mam\u0103 a patru copii \u2013 Lucas, Filip, Caleb \u0219i Gloria \u2013 Adina \u00ee\u0219i tr\u0103ie\u0219te chemarea cu pasiune, at\u00e2t \u00een clas\u0103, c\u00e2t \u0219i \u00een slujirea din Biserica Penticostal\u0103 Speran\u021ba \u0218tei. Convins\u0103 c\u0103 iertarea na\u0219te dragoste \u0219i dragostea aduce transformare, visul ei este acela de a vedea familii \u00eentregi restaurate, genera\u021bii formate pe temelia Cuv\u00e2ntului lui Dumnezeu \u0219i femei care tr\u0103iesc \u00een armonie cu [&hellip;]<\/p>\n","protected":false},"author":1,"featured_media":0,"parent":0,"menu_order":0,"comment_status":"closed","ping_status":"closed","template":"","meta":{"_et_pb_use_builder":"on","_et_pb_old_content":"","_et_gb_content_width":"","footnotes":""},"class_list":["post-71183","page","type-page","status-publish","hentry"],"_links":{"self":[{"href":"https:\/\/asociatiamanna.ro\/en\/wp-json\/wp\/v2\/pages\/71183","targetHints":{"allow":["GET"]}}],"collection":[{"href":"https:\/\/asociatiamanna.ro\/en\/wp-json\/wp\/v2\/pages"}],"about":[{"href":"https:\/\/asociatiamanna.ro\/en\/wp-json\/wp\/v2\/types\/page"}],"author":[{"embeddable":true,"href":"https:\/\/asociatiamanna.ro\/en\/wp-json\/wp\/v2\/users\/1"}],"replies":[{"embeddable":true,"href":"https:\/\/asociatiamanna.ro\/en\/wp-json\/wp\/v2\/comments?post=71183"}],"version-history":[{"count":132,"href":"https:\/\/asociatiamanna.ro\/en\/wp-json\/wp\/v2\/pages\/71183\/revisions"}],"predecessor-version":[{"id":1089451,"href":"https:\/\/asociatiamanna.ro\/en\/wp-json\/wp\/v2\/pages\/71183\/revisions\/1089451"}],"wp:attachment":[{"href":"https:\/\/asociatiamanna.ro\/en\/wp-json\/wp\/v2\/media?parent=71183"}],"curies":[{"name":"wp","href":"https:\/\/api.w.org\/{rel}","templated":true}]}}