{"id":71438,"date":"2025-02-09T15:59:55","date_gmt":"2025-02-09T15:59:55","guid":{"rendered":"https:\/\/asociatiamanna.ro\/?page_id=71438"},"modified":"2025-02-18T22:01:25","modified_gmt":"2025-02-18T22:01:25","slug":"manna-holiday","status":"publish","type":"page","link":"https:\/\/asociatiamanna.ro\/en\/vacanta-manna\/","title":{"rendered":"MANNA HOLIDAY"},"content":{"rendered":"<p>[et_pb_section fb_built=&#8221;1&#8243; _builder_version=&#8221;4.27.4&#8243; background_color=&#8221;#297FCA&#8221; background_image=&#8221;https:\/\/asociatiamanna.ro\/wp-content\/uploads\/2025\/02\/Rising-Banners-Joy-16&#215;9-1.jpg&#8221; min_height=&#8221;138.6px&#8221; custom_margin=&#8221;||0px||false|false&#8221; custom_padding=&#8221;2px||0px|||&#8221; saved_tabs=&#8221;all&#8221; global_colors_info=&#8221;{}&#8221;][et_pb_row _builder_version=&#8221;4.27.4&#8243; custom_margin=&#8221;10px|auto||auto|false|false&#8221; global_colors_info=&#8221;{}&#8221;][et_pb_column type=&#8221;4_4&#8243; _builder_version=&#8221;4.27.4&#8243; custom_padding=&#8221;|||&#8221; global_colors_info=&#8221;{}&#8221; custom_padding__hover=&#8221;|||&#8221;][et_pb_post_title meta=&#8221;off&#8221; featured_image=&#8221;off&#8221; _builder_version=&#8221;4.27.4&#8243; title_font=&#8221;Marcellus||||||||&#8221; title_text_align=&#8221;left&#8221; title_text_color=&#8221;#ffffff&#8221; title_font_size=&#8221;27px&#8221; custom_margin=&#8221;10px||||false|false&#8221; global_colors_info=&#8221;{}&#8221;][\/et_pb_post_title][\/et_pb_column][\/et_pb_row][\/et_pb_section][et_pb_section fb_built=&#8221;1&#8243; _builder_version=&#8221;4.27.4&#8243; background_color=&#8221;#FFFFFF&#8221; custom_padding=&#8221;29px||29px||true|false&#8221; global_colors_info=&#8221;{}&#8221;][et_pb_row use_custom_gutter=&#8221;on&#8221; gutter_width=&#8221;2&#8243; make_equal=&#8221;on&#8221; _builder_version=&#8221;4.16&#8243; global_colors_info=&#8221;{}&#8221;][et_pb_column type=&#8221;4_4&#8243; _builder_version=&#8221;4.16&#8243; global_colors_info=&#8221;{}&#8221;][et_pb_text _builder_version=&#8221;4.27.4&#8243; header_font=&#8221;Gideon Roman|700|||||||&#8221; header_text_align=&#8221;center&#8221; header_text_color=&#8221;#578e87&#8243; header_letter_spacing=&#8221;1px&#8221; header_line_height=&#8221;1.4em&#8221; header_2_font=&#8221;Gideon Roman|700|||||||&#8221; header_2_text_color=&#8221;#ebdac0&#8243; header_2_letter_spacing=&#8221;1px&#8221; max_width=&#8221;500px&#8221; module_alignment=&#8221;center&#8221; custom_padding=&#8221;40px||29px||false|false&#8221; header_font_size_tablet=&#8221;&#8221; header_font_size_phone=&#8221;25px&#8221; header_font_size_last_edited=&#8221;on|desktop&#8221; border_width_all=&#8221;4px&#8221; border_color_all=&#8221;#578e87&#8243; global_colors_info=&#8221;{}&#8221;]<\/p>\n<h1 style=\"text-align: center;\">VACAN\u021aA MANNA<\/h1>\n<h2 style=\"text-align: center;\">timp de calitate in familie<\/h2>\n<p>[\/et_pb_text][et_pb_text _builder_version=&#8221;4.27.4&#8243; header_font=&#8221;Gideon Roman|700|||||||&#8221; header_text_align=&#8221;center&#8221; header_text_color=&#8221;#ffffff&#8221; header_font_size=&#8221;24px&#8221; background_color=&#8221;#578e87&#8243; max_width=&#8221;500px&#8221; module_alignment=&#8221;center&#8221; custom_margin=&#8221;-21px||||false|false&#8221; custom_margin_tablet=&#8221;-34px||||false|false&#8221; custom_margin_phone=&#8221;-34px||||false|false&#8221; custom_margin_last_edited=&#8221;on|desktop&#8221; custom_padding=&#8221;22px||13px||false|false&#8221; header_font_size_tablet=&#8221;&#8221; header_font_size_phone=&#8221;16px&#8221; header_font_size_last_edited=&#8221;on|desktop&#8221; border_color_all=&#8221;#383838&#8243; global_colors_info=&#8221;{}&#8221;]<\/p>\n<h1>A Treia Lucrare<\/h1>\n<p>[\/et_pb_text][et_pb_text _builder_version=&#8221;4.27.4&#8243; _module_preset=&#8221;default&#8221; text_font=&#8221;DM Sans||||||||&#8221; text_line_height=&#8221;1.4em&#8221; header_2_font=&#8221;Jost|600|||||||&#8221; header_2_text_align=&#8221;center&#8221; header_2_text_color=&#8221;#293043&#8243; header_2_font_size=&#8221;47px&#8221; header_2_letter_spacing=&#8221;-1px&#8221; header_2_line_height=&#8221;1.2em&#8221; text_orientation=&#8221;center&#8221; custom_margin=&#8221;0px||0px||false|false&#8221; custom_padding=&#8221;30px||0px||false|false&#8221; header_2_font_size_tablet=&#8221;47px&#8221; header_2_font_size_phone=&#8221;30px&#8221; header_2_font_size_last_edited=&#8221;on|phone&#8221; global_colors_info=&#8221;{}&#8221;]<\/p>\n<p>Se adreseaz\u0103 familiilor, indiferent de conferiunea din care fac parte, dar \u0219i celor care se preg\u0103tesc s\u0103 intre \u00een via\u021ba de familie. Urm\u0103rim cu mare interes familia, ca o unitate creat\u0103 de Dumnezeu. Fiecare membru al familiei trebuie sprijinit ca persoan\u0103 separat\u0103, pe nevoile lui. Toate acestea \u00eentr-un ambient relaxant, un timp pentru suflet, minte \u0219i trup. O altfel de vacan\u021b\u0103 &#8211; una care \u00eembog\u0103\u021be\u0219te familia!<\/p>\n<p>Este un concept nou de vacan\u021b\u0103. Datorit\u0103 s\u0103 str\u00e2ngem s\u0103 str\u00e2ngem la un loc familii cu principii s\u0103n\u0103toase, \u00een care s\u0103 se petreac\u0103 timp de calitate, s\u0103 \u00eemp\u0103rt\u0103\u0219im bune practici, s\u0103 \u00eenv\u0103\u021b\u0103m unii de la ceilal\u021bi \u0219i ceea ce este cel mai important, s\u0103 g\u0103sim solu\u021bii clare despre modul \u00een care Dumnezeu dore\u0219te s\u0103 se implice \u00een lacunele ce apar \u00een: via\u021ba de cuplu, \u00een via\u021ba de p\u0103rin\u021bi pe perioada cre\u0219terii copiilor, \u00een via\u021ba de bunici.<\/p>\n<p>Suntem con\u0219tienti de faptul c\u0103 familia este format\u0103 din diferi\u021bi membrii \u0219i fiecare aduce cu el, pe l\u00e2ng\u0103 caracterul \u0219i personalitatea sa, o <em>\u201ezestre bogat\u0103\u201d<\/em> de emo\u021bii, experien\u021be, frustr\u0103ri etc., care uneori, \u00een situa\u021bii de criz\u0103, puse l\u00e2ng\u0103 \u201e zestrea\u201d celuilat creaz\u0103 o bomb\u0103 cu ceas. De aici \u0219i dorin\u021ba noastr\u0103 de a acorda o aten\u021bie special\u0103 fiec\u0103rui membru al familiei \u0219i apoi familiei ca \u00eentreg. Copiii \u0219i tinerii no\u0219tri sunt bombarda\u021bi cu informa\u021bii \u0219i provoc\u0103ri care le distrag aten\u021bia de la scopul cu care Dumnezeu i-a adus. Aici, ei \u00eent\u00e2lnesc copii, adolescen\u021bi, tineri care se confrunt\u0103 cu acelea\u0219i situa\u021bii, dar g\u0103sesc \u0219i oameni calzi, preg\u0103ti\u021bi care s\u0103 le vorbeasc\u0103 <em>\u201epe limba lor\u201d<\/em> la fr\u0103m\u00e2nt\u0103rile \u0219i situa\u021biile cu care se confrunt\u0103 \u0219i \u00een acela\u0219i timp s\u0103 se bucure \u00eempreun\u0103 de momente distractive, recreative.<\/p>\n<p>Credem c\u0103 este de datoria noastr\u0103, a fiec\u0103ruia, s\u0103 c\u0103ut\u0103m locuri, contexte \u00een care s\u0103 ne punem la un loc, oameni diferi\u021bi, dar cu o singur\u0103 dorin\u021b\u0103, aceea de a avea o familie binecuv\u00e2ntat\u0103. <strong><em>Asocia\u021bia Manna &#8211; M\u00e2n\u0103 \u00een M\u00e2n\u0103<\/em><\/strong> \u00ee\u0219i propune s\u0103 aduc\u0103 toate acestea \u00eentr-un ambient relaxant, un timp pentru suflet, minte \u0219i trup.<\/p>\n<p>O altfel de vacan\u021b\u0103 &#8211; una care une\u0219te \u0219i \u00eembog\u0103\u021be\u0219te familia!<\/p>\n<p>[\/et_pb_text][\/et_pb_column][\/et_pb_row][\/et_pb_section][et_pb_section fb_built=&#8221;1&#8243; _builder_version=&#8221;4.27.4&#8243; custom_padding=&#8221;0px|0px|80px|0px|false|false&#8221; global_colors_info=&#8221;{}&#8221;][et_pb_row _builder_version=&#8221;4.27.4&#8243; _module_preset=&#8221;default&#8221; global_colors_info=&#8221;{}&#8221;][et_pb_column type=&#8221;4_4&#8243; _builder_version=&#8221;4.27.4&#8243; _module_preset=&#8221;default&#8221; global_colors_info=&#8221;{}&#8221;][dsm_filterable_gallery dsm_number_of_columns=&#8221;4&#8243; dsm_filterable_gallery_all_text=&#8221;Toate&#8221; dsm_use_lightbox=&#8221;on&#8221; dsm_use_zoom_on_hover=&#8221;on&#8221; _builder_version=&#8221;4.27.4&#8243; _module_preset=&#8221;default&#8221; hover_enabled=&#8221;0&#8243; global_colors_info=&#8221;{}&#8221; gallery_ids=&#8221;229987,229986,229985,229984,229983,229982,229981,229980,229979,229978,229977,229976,229975,229974,229973,229972,229971,229970,229969,229968,229967,229966,229965,229964,229963,229962,229961,229960,229959,229958,229957,229956,229955,229954,229953,229952,229951,229950,229949,229948,229947,229946,229945,229944&#8243; sticky_enabled=&#8221;0&#8243;][\/dsm_filterable_gallery][\/et_pb_column][\/et_pb_row][\/et_pb_section][et_pb_section fb_built=&#8221;1&#8243; custom_padding_last_edited=&#8221;on|phone&#8221; _builder_version=&#8221;4.21.0&#8243; _module_preset=&#8221;default&#8221; background_color=&#8221;#1e1e22&#8243; background_image=&#8221;https:\/\/asociatiamanna.ro\/wp-content\/uploads\/2025\/01\/agency-59-bpt-19.png&#8221; background_size=&#8221;custom&#8221; background_image_width=&#8221;577px&#8221; background_position=&#8221;bottom_left&#8221; overflow-x=&#8221;hidden&#8221; overflow-y=&#8221;hidden&#8221; custom_margin=&#8221;0px||0px||false|false&#8221; custom_padding=&#8221;125px||130px||false|false&#8221; custom_padding_tablet=&#8221;130px||130px||false|false&#8221; custom_padding_phone=&#8221;90px||90px||false|false&#8221; background_last_edited=&#8221;on|tablet&#8221; background_enable_image_tablet=&#8221;off&#8221; custom_css_before=&#8221;position: absolute;||    width: 450px;||    height: 450px;||    content: &#8221;;||    border-radius: 50%;||    background: #fc653c;||\t\tleft: -10%;||    top: 20%;||    -webkit-filter: blur(350px);||    filter: blur(350px);&#8221; custom_css_after=&#8221;position: absolute;||    width: 390px;||    height: 390px;||    content: &#8221;;||    border-radius: 50%;||    background: #fc653c;||    right: -8%;||    top: -15%;||    -webkit-filter: blur(110px);||    filter: blur(110px);&#8221; global_colors_info=&#8221;{}&#8221; custom_css_after_last_edited=&#8221;on|tablet&#8221; custom_css_after_tablet=&#8221;display:none;&#8221; custom_css_after_phone=&#8221;display:none;&#8221;][et_pb_row _builder_version=&#8221;4.21.0&#8243; _module_preset=&#8221;default&#8221; width=&#8221;90%&#8221; max_width=&#8221;1290px&#8221; custom_margin=&#8221;0px||50px||false|false&#8221; custom_padding=&#8221;0px||0px||false|false&#8221; animation_style=&#8221;slide&#8221; animation_direction=&#8221;bottom&#8221; animation_intensity_slide=&#8221;12%&#8221; animation_speed_curve=&#8221;ease&#8221; global_colors_info=&#8221;{}&#8221;][et_pb_column type=&#8221;4_4&#8243; _builder_version=&#8221;4.21.0&#8243; _module_preset=&#8221;default&#8221; global_colors_info=&#8221;{}&#8221;][et_pb_text _builder_version=&#8221;4.27.4&#8243; _module_preset=&#8221;default&#8221; header_2_font=&#8221;Gideon Roman|700|||||||&#8221; header_2_text_align=&#8221;center&#8221; header_2_text_color=&#8221;#578e87&#8243; header_2_font_size=&#8221;40px&#8221; header_2_letter_spacing=&#8221;2px&#8221; header_2_line_height=&#8221;1.4em&#8221; header_4_font=&#8221;Jost||||on||||&#8221; header_4_text_align=&#8221;center&#8221; header_4_text_color=&#8221;#fc653c&#8221; header_4_font_size=&#8221;19px&#8221; header_4_line_height=&#8221;1.2em&#8221; custom_margin=&#8221;0px||4px||false|false&#8221; custom_padding=&#8221;0px||0px||false|false&#8221; global_colors_info=&#8221;{}&#8221;]<\/p>\n<h2>DONEAZ\u0102<\/h2>\n<p>[\/et_pb_text][et_pb_image src=&#8221;https:\/\/asociatiamanna.ro\/wp-content\/uploads\/2025\/01\/agency-59-bpt-5.png&#8221; align=&#8221;right&#8221; disabled_on=&#8221;on|on|off&#8221; _builder_version=&#8221;4.27.4&#8243; _module_preset=&#8221;default&#8221; positioning=&#8221;absolute&#8221; position_origin_a=&#8221;top_right&#8221; vertical_offset=&#8221;35px&#8221; horizontal_offset=&#8221;-127px&#8221; max_width=&#8221;156px&#8221; custom_margin=&#8221;0px||0px||false|false&#8221; custom_padding=&#8221;0px||0px||false|false&#8221; global_colors_info=&#8221;{}&#8221;][\/et_pb_image][\/et_pb_column][\/et_pb_row][et_pb_row use_custom_gutter=&#8221;on&#8221; gutter_width=&#8221;2&#8243; make_equal=&#8221;on&#8221; _builder_version=&#8221;4.27.4&#8243; _module_preset=&#8221;default&#8221; width=&#8221;90%&#8221; max_width=&#8221;1290px&#8221; max_width_tablet=&#8221;1290px&#8221; max_width_phone=&#8221;1290px&#8221; max_width_last_edited=&#8221;off|desktop&#8221; custom_margin=&#8221;0px||0px||false|false&#8221; custom_padding=&#8221;0px||0px||false|false&#8221; global_colors_info=&#8221;{}&#8221;][et_pb_column type=&#8221;4_4&#8243; _builder_version=&#8221;4.27.4&#8243; _module_preset=&#8221;default&#8221; background_color=&#8221;#FFFFFF&#8221; custom_padding=&#8221;38px|30px|55px|30px|false|false&#8221; animation_style=&#8221;slide&#8221; animation_direction=&#8221;bottom&#8221; animation_intensity_slide=&#8221;4%&#8221; animation_speed_curve=&#8221;ease&#8221; link_option_url=&#8221;#&#8221; border_radii=&#8221;on|7px|7px|7px|7px&#8221; global_colors_info=&#8221;{}&#8221;][et_pb_text _builder_version=&#8221;4.27.4&#8243; _module_preset=&#8221;default&#8221; header_3_font=&#8221;Gideon Roman|600|||||||&#8221; header_3_text_align=&#8221;center&#8221; header_3_text_color=&#8221;#08392b&#8221; header_3_font_size=&#8221;18px&#8221; header_3_line_height=&#8221;1.4em&#8221; custom_margin=&#8221;0px||10px||false|false&#8221; custom_padding=&#8221;0px||0px||false|false&#8221; global_colors_info=&#8221;{}&#8221;]<\/p>\n<h3>\u201eCel ce d\u0103 s\u0103m\u00e2n\u021b\u0103 sem\u0103n\u0103torului \u0219i p\u00e2ine pentru hran\u0103\u201d v\u0103 va da \u0219i v\u0103 va \u00eenmul\u021bi \u0219i vou\u0103 s\u0103m\u00e2n\u021ba de sem\u0103nat \u0219i va face s\u0103 creasc\u0103 roadele neprih\u0103nirii voastre. \u00cen chipul acesta ve\u021bi fi \u00eembog\u0103\u021bi\u021bi \u00een toate privin\u021bele, pentru orice d\u0103rnicie, care, prin noi, va face s\u0103 se aduc\u0103 mul\u021bumiri lui Dumnezeu.&#8221;<br \/>2 Corinteni\u00a09:10-11<\/h3>\n<p>[\/et_pb_text][et_pb_image src=&#8221;https:\/\/asociatiamanna.ro\/wp-content\/uploads\/2025\/01\/agency-59-bpt-29.png&#8221; url=&#8221;\/doneaza\/&#8221; align=&#8221;center&#8221; _builder_version=&#8221;4.27.4&#8243; _module_preset=&#8221;default&#8221; height=&#8221;31px&#8221; custom_margin=&#8221;0px||0px||false|false&#8221; custom_padding=&#8221;0px||0px||false|false&#8221; global_colors_info=&#8221;{}&#8221;][\/et_pb_image][\/et_pb_column][\/et_pb_row][\/et_pb_section]<\/p>\n","protected":false},"excerpt":{"rendered":"<p>VACAN\u021aA MANNA timp de calitate in familieA Treia LucrareSe adreseaz\u0103 familiilor, indiferent de conferiunea din care fac parte, dar \u0219i celor care se preg\u0103tesc s\u0103 intre \u00een via\u021ba de familie. Urm\u0103rim cu mare interes familia, ca o unitate creat\u0103 de Dumnezeu. Fiecare membru al familiei trebuie sprijinit ca persoan\u0103 separat\u0103, pe nevoile lui. Toate acestea \u00eentr-un ambient relaxant, un timp pentru suflet, minte \u0219i trup. O altfel de vacan\u021b\u0103 &#8211; una care \u00eembog\u0103\u021be\u0219te familia! Este un concept nou de vacan\u021b\u0103. Datorit\u0103 s\u0103 str\u00e2ngem s\u0103 str\u00e2ngem la un loc familii cu principii s\u0103n\u0103toase, \u00een care s\u0103 se petreac\u0103 timp de calitate, s\u0103 \u00eemp\u0103rt\u0103\u0219im bune practici, s\u0103 \u00eenv\u0103\u021b\u0103m unii de la ceilal\u021bi \u0219i ceea ce este cel mai important, s\u0103 g\u0103sim solu\u021bii clare despre modul \u00een care Dumnezeu dore\u0219te s\u0103 se implice \u00een lacunele ce apar \u00een: via\u021ba de cuplu, \u00een via\u021ba de p\u0103rin\u021bi pe perioada cre\u0219terii copiilor, \u00een via\u021ba de bunici. Suntem con\u0219tienti de faptul c\u0103 familia este format\u0103 din diferi\u021bi membrii \u0219i fiecare aduce cu el, pe l\u00e2ng\u0103 caracterul \u0219i personalitatea sa, o \u201ezestre bogat\u0103\u201d de emo\u021bii, experien\u021be, frustr\u0103ri etc., care uneori, \u00een situa\u021bii de criz\u0103, puse l\u00e2ng\u0103 \u201e zestrea\u201d celuilat creaz\u0103 o bomb\u0103 cu ceas. De aici \u0219i dorin\u021ba [&hellip;]<\/p>\n","protected":false},"author":1,"featured_media":0,"parent":0,"menu_order":0,"comment_status":"closed","ping_status":"closed","template":"","meta":{"_et_pb_use_builder":"on","_et_pb_old_content":"","_et_gb_content_width":"","footnotes":""},"class_list":["post-71438","page","type-page","status-publish","hentry"],"_links":{"self":[{"href":"https:\/\/asociatiamanna.ro\/en\/wp-json\/wp\/v2\/pages\/71438","targetHints":{"allow":["GET"]}}],"collection":[{"href":"https:\/\/asociatiamanna.ro\/en\/wp-json\/wp\/v2\/pages"}],"about":[{"href":"https:\/\/asociatiamanna.ro\/en\/wp-json\/wp\/v2\/types\/page"}],"author":[{"embeddable":true,"href":"https:\/\/asociatiamanna.ro\/en\/wp-json\/wp\/v2\/users\/1"}],"replies":[{"embeddable":true,"href":"https:\/\/asociatiamanna.ro\/en\/wp-json\/wp\/v2\/comments?post=71438"}],"version-history":[{"count":7,"href":"https:\/\/asociatiamanna.ro\/en\/wp-json\/wp\/v2\/pages\/71438\/revisions"}],"predecessor-version":[{"id":229991,"href":"https:\/\/asociatiamanna.ro\/en\/wp-json\/wp\/v2\/pages\/71438\/revisions\/229991"}],"wp:attachment":[{"href":"https:\/\/asociatiamanna.ro\/en\/wp-json\/wp\/v2\/media?parent=71438"}],"curies":[{"name":"wp","href":"https:\/\/api.w.org\/{rel}","templated":true}]}}